{"id":135,"date":"2019-12-29T15:25:15","date_gmt":"2019-12-29T14:25:15","guid":{"rendered":"http:\/\/encrenous.fr\/?page_id=135"},"modified":"2026-09-01T19:08:46","modified_gmt":"2026-09-01T17:08:46","slug":"tarifs-2","status":"publish","type":"page","link":"https:\/\/encrenous.fr\/index.php\/tarifs-2\/","title":{"rendered":"Tarifs"},"content":{"rendered":"\n<p class=\"wp-block-paragraph\">Chaque document pr\u00e9sentant des particularit\u00e9s, toute demande fera l\u2019objet d\u2019une \u00e9tude approfondie et personnalis\u00e9e suivi d\u2019une proposition de devis.<\/p>\n\n\n\n<p class=\"wp-block-paragraph\">Un forfait de base est pr\u00e9vu pour tous travaux.<\/p>\n\n\n\n<p class=\"wp-block-paragraph\">Le premier rendez-vous pour discuter de votre projet vous est offert.<\/p>\n\n\n\n<h2 class=\"wp-block-heading\">R\u00e9daction : <\/h2>\n\n\n\n<p class=\"has-black-color has-text-color has-link-color wp-elements-d62f558d80c76578498d19b9b29b733f wp-block-paragraph\"><strong>R\u00e9cit de vie :<\/strong> 250 \u20ac l&rsquo;heure d&rsquo;entretien + temps de transcription \/ r\u00e9daction<\/p>\n\n\n\n<p class=\"has-black-color has-text-color has-link-color wp-elements-2c14431bd436f7d8f91a7bcd45a74ccd wp-block-paragraph\"><strong>Courrier administratif ou personnel<\/strong> : \u00e0 partir de 36 \u20ac<\/p>\n\n\n\n<p class=\"has-black-color has-text-color has-link-color wp-elements-2ced45d373858958e12327cdb47bb062 wp-block-paragraph\"><strong>R\u00e9cit litt\u00e9raire<\/strong> : sur devis<\/p>\n\n\n\n<p class=\"has-black-color has-text-color has-link-color wp-elements-f78f747f27b7b2dd76095486239b5e62 wp-block-paragraph\"><strong>Discours :<\/strong> \u00e0 partir de 40 \u20ac \/ page<\/p>\n\n\n\n<h2 class=\"wp-block-heading has-black-color has-text-color has-link-color wp-elements-4c9bd7de1369c193121f91089413f494\">R\u00e9\u00e9criture &#8211; reformulation \/ correction :<\/h2>\n\n\n\n<p class=\"wp-block-paragraph\"><strong>M\u00e9moire, travaux \u00e9tudiants <\/strong>: sur devis, apr\u00e8s test sur quelques pages &#8211; tarif \u00e9tudiant (relecture et correction uniquement)<\/p>\n\n\n\n<p class=\"wp-block-paragraph\"><strong>R\u00e9cit de vie &#8211; litt\u00e9raire<\/strong> : sur devis, apr\u00e8s test sur quelques pages &#8211; tarif d\u00e9gressif selon le nombre de mots<\/p>\n\n\n\n<p class=\"wp-block-paragraph\"><strong>Courrier<\/strong> <strong>&#8211; discours<\/strong> : r\u00e9\u00e9criture : 15 \u20ac \/ page &#8211; correction : 10 \u20ac \/ page<\/p>\n\n\n\n<div style=\"height:21px\" aria-hidden=\"true\" class=\"wp-block-spacer\"><\/div>\n\n\n\n<p class=\"wp-block-paragraph\"><strong>Un \u00e9crivain public n&rsquo;a pas le droit de dispenser de conseil notarial, comptable ou juridique. <\/strong><\/p>\n\n\n\n<p class=\"wp-block-paragraph\">En cas de besoin, contacter :<\/p>\n\n\n\n<p class=\"wp-block-paragraph\"><strong>La chambre interd\u00e9partementale des notaires \u2013 Savoie\/Haute-Savoie<\/strong><\/p>\n\n\n\n<p class=\"wp-block-paragraph\">Du&nbsp;lundi au&nbsp;vendredi&nbsp;<strong>:<\/strong>&nbsp;de 09h00 \u00e0 12h00 de 14h00 \u00e0 17h00<\/p>\n\n\n\n<p class=\"has-black-color has-text-color has-link-color wp-elements-210cd86c43eab6a6de2809cd5622cdd5 wp-block-paragraph\"><a href=\"mailto:contact@ci7374.notaires.fr\">contact@ci7374.notaires.fr<\/a><\/p>\n\n\n\n<p class=\"wp-block-paragraph\">04 50 27 24 56<\/p>\n\n\n\n<p class=\"wp-block-paragraph\"><strong>L&rsquo;ordre des experts comptables<\/strong><\/p>\n\n\n\n<p class=\"has-black-color has-text-color has-link-color wp-elements-2975659bb82ff0e019fa8d0313ae6eed wp-block-paragraph\"><a href=\"https:\/\/annuaire.experts-comptables.org\" target=\"_blank\" rel=\"noreferrer noopener\">https:\/\/annuaire.experts-comptables.org<\/a><\/p>\n\n\n\n<p class=\"has-black-color has-text-color has-link-color wp-elements-f8983e64b69b308e8678651b1a4399ed wp-block-paragraph\"><a href=\"https:\/\/www.experts-comptables.fr\">https:\/\/www.experts-comptables.fr<\/a><\/p>\n\n\n\n<p class=\"wp-block-paragraph\"><strong>Le barreau de Chamb\u00e9ry<\/strong><\/p>\n\n\n\n<p class=\"wp-block-paragraph\">Maison de l\u2019avocat de Chamb\u00e9ry<\/p>\n\n\n\n<p class=\"wp-block-paragraph\">200, avenue du Mar\u00e9chal Leclerc<\/p>\n\n\n\n<p class=\"wp-block-paragraph\">73000 Chamb\u00e9ry<\/p>\n\n\n\n<p class=\"wp-block-paragraph\">04 79 62 74 13<\/p>\n\n\n\n<div class=\"wp-block-buttons is-layout-flex wp-block-buttons-is-layout-flex\">\n<div class=\"wp-block-button\"><a class=\"wp-block-button__link has-background wp-element-button\" href=\"https:\/\/encrenous.fr\/index.php\/contact\/\" style=\"background-color:#339966\" target=\"_blank\" rel=\"noreferrer noopener\">Contact Agn\u00e8s Rivi\u00e8re<\/a><\/div>\n<\/div>\n","protected":false},"excerpt":{"rendered":"<p>Chaque document pr\u00e9sentant des particularit\u00e9s, toute demande fera l\u2019objet d\u2019une \u00e9tude approfondie et personnalis\u00e9e suivi d\u2019une proposition de devis. Un forfait de base est pr\u00e9vu pour tous travaux. Le premier rendez-vous pour discuter de votre projet vous est offert. R\u00e9daction : R\u00e9cit de vie : 250 \u20ac l&rsquo;heure d&rsquo;entretien + temps de transcription \/ r\u00e9daction [&hellip;]<\/p>\n","protected":false},"author":1,"featured_media":1732,"parent":0,"menu_order":0,"comment_status":"closed","ping_status":"closed","template":"","meta":{"footnotes":""},"class_list":["post-135","page","type-page","status-publish","has-post-thumbnail","hentry"],"yoast_head":"<!-- This site is optimized with the Yoast SEO plugin v28.4 - https:\/\/yoast.com\/product\/yoast-seo-wordpress\/ -->\n<title>Tarifs Encre-Nous Agn\u00e8s Rivi\u00e8re, \u00e9crivain public<\/title>\n<meta name=\"description\" content=\"Pour les gros travaux (r\u00e9cit de vie, correction de m\u00e9moire), un devis est propos\u00e9 apr\u00e8s \u00e9tude personnalis\u00e9e de la mission.\" \/>\n<meta name=\"robots\" content=\"index, follow, max-snippet:-1, max-image-preview:large, max-video-preview:-1\" \/>\n<link rel=\"canonical\" href=\"https:\/\/encrenous.fr\/index.php\/tarifs-2\/\" \/>\n<meta property=\"og:locale\" content=\"fr_FR\" \/>\n<meta property=\"og:type\" content=\"article\" \/>\n<meta property=\"og:title\" content=\"Tarifs Encre-Nous Agn\u00e8s Rivi\u00e8re, \u00e9crivain public\" \/>\n<meta property=\"og:description\" content=\"Pour les gros travaux (r\u00e9cit de vie, correction de m\u00e9moire), un devis est propos\u00e9 apr\u00e8s \u00e9tude personnalis\u00e9e de la mission.\" \/>\n<meta property=\"og:url\" content=\"https:\/\/encrenous.fr\/index.php\/tarifs-2\/\" \/>\n<meta property=\"og:site_name\" content=\"Encre-nous\" \/>\n<meta property=\"article:publisher\" content=\"https:\/\/www.facebook.com\/Encrenous.ecrivainpublic\" \/>\n<meta property=\"article:modified_time\" content=\"2026-09-01T17:08:46+00:00\" \/>\n<meta property=\"og:image\" content=\"https:\/\/encrenous.fr\/wp-content\/uploads\/2026\/07\/Agnes-Riviere-par-Angelique-Emonet.png\" \/>\n\t<meta property=\"og:image:width\" content=\"601\" \/>\n\t<meta property=\"og:image:height\" content=\"812\" \/>\n\t<meta property=\"og:image:type\" content=\"image\/png\" \/>\n<meta name=\"twitter:card\" content=\"summary_large_image\" \/>\n<meta name=\"twitter:label1\" content=\"Dur\u00e9e de lecture estim\u00e9e\" \/>\n\t<meta name=\"twitter:data1\" content=\"2 minutes\" \/>\n<script type=\"application\/ld+json\" class=\"yoast-schema-graph\">{\"@context\":\"https:\\\/\\\/schema.org\",\"@graph\":[{\"@type\":\"WebPage\",\"@id\":\"https:\\\/\\\/encrenous.fr\\\/index.php\\\/tarifs-2\\\/\",\"url\":\"https:\\\/\\\/encrenous.fr\\\/index.php\\\/tarifs-2\\\/\",\"name\":\"Tarifs Encre-Nous Agn\u00e8s Rivi\u00e8re, \u00e9crivain public\",\"isPartOf\":{\"@id\":\"https:\\\/\\\/encrenous.fr\\\/#website\"},\"primaryImageOfPage\":{\"@id\":\"https:\\\/\\\/encrenous.fr\\\/index.php\\\/tarifs-2\\\/#primaryimage\"},\"image\":{\"@id\":\"https:\\\/\\\/encrenous.fr\\\/index.php\\\/tarifs-2\\\/#primaryimage\"},\"thumbnailUrl\":\"https:\\\/\\\/encrenous.fr\\\/wp-content\\\/uploads\\\/2026\\\/07\\\/Agnes-Riviere-par-Angelique-Emonet.png\",\"datePublished\":\"2019-12-29T14:25:15+00:00\",\"dateModified\":\"2026-09-01T17:08:46+00:00\",\"description\":\"Pour les gros travaux (r\u00e9cit de vie, correction de m\u00e9moire), un devis est propos\u00e9 apr\u00e8s \u00e9tude personnalis\u00e9e de la mission.\",\"breadcrumb\":{\"@id\":\"https:\\\/\\\/encrenous.fr\\\/index.php\\\/tarifs-2\\\/#breadcrumb\"},\"inLanguage\":\"fr-FR\",\"potentialAction\":[{\"@type\":\"ReadAction\",\"target\":[\"https:\\\/\\\/encrenous.fr\\\/index.php\\\/tarifs-2\\\/\"]}]},{\"@type\":\"ImageObject\",\"inLanguage\":\"fr-FR\",\"@id\":\"https:\\\/\\\/encrenous.fr\\\/index.php\\\/tarifs-2\\\/#primaryimage\",\"url\":\"https:\\\/\\\/encrenous.fr\\\/wp-content\\\/uploads\\\/2026\\\/07\\\/Agnes-Riviere-par-Angelique-Emonet.png\",\"contentUrl\":\"https:\\\/\\\/encrenous.fr\\\/wp-content\\\/uploads\\\/2026\\\/07\\\/Agnes-Riviere-par-Angelique-Emonet.png\",\"width\":601,\"height\":812,\"caption\":\"Agn\u00e8s Rivi\u00e8re \u00e9crivain public - photo Ang\u00e9lique Emonet\"},{\"@type\":\"BreadcrumbList\",\"@id\":\"https:\\\/\\\/encrenous.fr\\\/index.php\\\/tarifs-2\\\/#breadcrumb\",\"itemListElement\":[{\"@type\":\"ListItem\",\"position\":1,\"name\":\"Accueil\",\"item\":\"https:\\\/\\\/encrenous.fr\\\/\"},{\"@type\":\"ListItem\",\"position\":2,\"name\":\"Tarifs\"}]},{\"@type\":\"WebSite\",\"@id\":\"https:\\\/\\\/encrenous.fr\\\/#website\",\"url\":\"https:\\\/\\\/encrenous.fr\\\/\",\"name\":\"Encre-nous\",\"description\":\"\u00e9crivain public\",\"publisher\":{\"@id\":\"https:\\\/\\\/encrenous.fr\\\/#organization\"},\"alternateName\":\"\u00e9crivain public Chamb\u00e9ry Savoie\",\"potentialAction\":[{\"@type\":\"SearchAction\",\"target\":{\"@type\":\"EntryPoint\",\"urlTemplate\":\"https:\\\/\\\/encrenous.fr\\\/?s={search_term_string}\"},\"query-input\":{\"@type\":\"PropertyValueSpecification\",\"valueRequired\":true,\"valueName\":\"search_term_string\"}}],\"inLanguage\":\"fr-FR\"},{\"@type\":\"Organization\",\"@id\":\"https:\\\/\\\/encrenous.fr\\\/#organization\",\"name\":\"Encre-nous\",\"url\":\"https:\\\/\\\/encrenous.fr\\\/\",\"logo\":{\"@type\":\"ImageObject\",\"inLanguage\":\"fr-FR\",\"@id\":\"https:\\\/\\\/encrenous.fr\\\/#\\\/schema\\\/logo\\\/image\\\/\",\"url\":\"https:\\\/\\\/encrenous.fr\\\/wp-content\\\/uploads\\\/2020\\\/01\\\/Profil.jpg\",\"contentUrl\":\"https:\\\/\\\/encrenous.fr\\\/wp-content\\\/uploads\\\/2020\\\/01\\\/Profil.jpg\",\"width\":314,\"height\":315,\"caption\":\"Encre-nous\"},\"image\":{\"@id\":\"https:\\\/\\\/encrenous.fr\\\/#\\\/schema\\\/logo\\\/image\\\/\"},\"sameAs\":[\"https:\\\/\\\/www.facebook.com\\\/Encrenous.ecrivainpublic\",\"https:\\\/\\\/www.linkedin.com\\\/in\\\/agn\u00e8s-rivi\u00e8re-69307bb8\\\/\",\"https:\\\/\\\/www.instagram.com\\\/agnes73riviere\"]}]}<\/script>\n<!-- \/ Yoast SEO plugin. -->","yoast_head_json":{"title":"Tarifs Encre-Nous Agn\u00e8s Rivi\u00e8re, \u00e9crivain public","description":"Pour les gros travaux (r\u00e9cit de vie, correction de m\u00e9moire), un devis est propos\u00e9 apr\u00e8s \u00e9tude personnalis\u00e9e de la mission.","robots":{"index":"index","follow":"follow","max-snippet":"max-snippet:-1","max-image-preview":"max-image-preview:large","max-video-preview":"max-video-preview:-1"},"canonical":"https:\/\/encrenous.fr\/index.php\/tarifs-2\/","og_locale":"fr_FR","og_type":"article","og_title":"Tarifs Encre-Nous Agn\u00e8s Rivi\u00e8re, \u00e9crivain public","og_description":"Pour les gros travaux (r\u00e9cit de vie, correction de m\u00e9moire), un devis est propos\u00e9 apr\u00e8s \u00e9tude personnalis\u00e9e de la mission.","og_url":"https:\/\/encrenous.fr\/index.php\/tarifs-2\/","og_site_name":"Encre-nous","article_publisher":"https:\/\/www.facebook.com\/Encrenous.ecrivainpublic","article_modified_time":"2026-09-01T17:08:46+00:00","og_image":[{"width":601,"height":812,"url":"https:\/\/encrenous.fr\/wp-content\/uploads\/2026\/07\/Agnes-Riviere-par-Angelique-Emonet.png","type":"image\/png"}],"twitter_card":"summary_large_image","twitter_misc":{"Dur\u00e9e de lecture estim\u00e9e":"2 minutes"},"schema":{"@context":"https:\/\/schema.org","@graph":[{"@type":"WebPage","@id":"https:\/\/encrenous.fr\/index.php\/tarifs-2\/","url":"https:\/\/encrenous.fr\/index.php\/tarifs-2\/","name":"Tarifs Encre-Nous Agn\u00e8s Rivi\u00e8re, \u00e9crivain public","isPartOf":{"@id":"https:\/\/encrenous.fr\/#website"},"primaryImageOfPage":{"@id":"https:\/\/encrenous.fr\/index.php\/tarifs-2\/#primaryimage"},"image":{"@id":"https:\/\/encrenous.fr\/index.php\/tarifs-2\/#primaryimage"},"thumbnailUrl":"https:\/\/encrenous.fr\/wp-content\/uploads\/2026\/07\/Agnes-Riviere-par-Angelique-Emonet.png","datePublished":"2019-12-29T14:25:15+00:00","dateModified":"2026-09-01T17:08:46+00:00","description":"Pour les gros travaux (r\u00e9cit de vie, correction de m\u00e9moire), un devis est propos\u00e9 apr\u00e8s \u00e9tude personnalis\u00e9e de la mission.","breadcrumb":{"@id":"https:\/\/encrenous.fr\/index.php\/tarifs-2\/#breadcrumb"},"inLanguage":"fr-FR","potentialAction":[{"@type":"ReadAction","target":["https:\/\/encrenous.fr\/index.php\/tarifs-2\/"]}]},{"@type":"ImageObject","inLanguage":"fr-FR","@id":"https:\/\/encrenous.fr\/index.php\/tarifs-2\/#primaryimage","url":"https:\/\/encrenous.fr\/wp-content\/uploads\/2026\/07\/Agnes-Riviere-par-Angelique-Emonet.png","contentUrl":"https:\/\/encrenous.fr\/wp-content\/uploads\/2026\/07\/Agnes-Riviere-par-Angelique-Emonet.png","width":601,"height":812,"caption":"Agn\u00e8s Rivi\u00e8re \u00e9crivain public - photo Ang\u00e9lique Emonet"},{"@type":"BreadcrumbList","@id":"https:\/\/encrenous.fr\/index.php\/tarifs-2\/#breadcrumb","itemListElement":[{"@type":"ListItem","position":1,"name":"Accueil","item":"https:\/\/encrenous.fr\/"},{"@type":"ListItem","position":2,"name":"Tarifs"}]},{"@type":"WebSite","@id":"https:\/\/encrenous.fr\/#website","url":"https:\/\/encrenous.fr\/","name":"Encre-nous","description":"\u00e9crivain public","publisher":{"@id":"https:\/\/encrenous.fr\/#organization"},"alternateName":"\u00e9crivain public Chamb\u00e9ry Savoie","potentialAction":[{"@type":"SearchAction","target":{"@type":"EntryPoint","urlTemplate":"https:\/\/encrenous.fr\/?s={search_term_string}"},"query-input":{"@type":"PropertyValueSpecification","valueRequired":true,"valueName":"search_term_string"}}],"inLanguage":"fr-FR"},{"@type":"Organization","@id":"https:\/\/encrenous.fr\/#organization","name":"Encre-nous","url":"https:\/\/encrenous.fr\/","logo":{"@type":"ImageObject","inLanguage":"fr-FR","@id":"https:\/\/encrenous.fr\/#\/schema\/logo\/image\/","url":"https:\/\/encrenous.fr\/wp-content\/uploads\/2020\/01\/Profil.jpg","contentUrl":"https:\/\/encrenous.fr\/wp-content\/uploads\/2020\/01\/Profil.jpg","width":314,"height":315,"caption":"Encre-nous"},"image":{"@id":"https:\/\/encrenous.fr\/#\/schema\/logo\/image\/"},"sameAs":["https:\/\/www.facebook.com\/Encrenous.ecrivainpublic","https:\/\/www.linkedin.com\/in\/agn\u00e8s-rivi\u00e8re-69307bb8\/","https:\/\/www.instagram.com\/agnes73riviere"]}]}},"_links":{"self":[{"href":"https:\/\/encrenous.fr\/index.php\/wp-json\/wp\/v2\/pages\/135","targetHints":{"allow":["GET"]}}],"collection":[{"href":"https:\/\/encrenous.fr\/index.php\/wp-json\/wp\/v2\/pages"}],"about":[{"href":"https:\/\/encrenous.fr\/index.php\/wp-json\/wp\/v2\/types\/page"}],"author":[{"embeddable":true,"href":"https:\/\/encrenous.fr\/index.php\/wp-json\/wp\/v2\/users\/1"}],"replies":[{"embeddable":true,"href":"https:\/\/encrenous.fr\/index.php\/wp-json\/wp\/v2\/comments?post=135"}],"version-history":[{"count":35,"href":"https:\/\/encrenous.fr\/index.php\/wp-json\/wp\/v2\/pages\/135\/revisions"}],"predecessor-version":[{"id":2234,"href":"https:\/\/encrenous.fr\/index.php\/wp-json\/wp\/v2\/pages\/135\/revisions\/2234"}],"wp:featuredmedia":[{"embeddable":true,"href":"https:\/\/encrenous.fr\/index.php\/wp-json\/wp\/v2\/media\/1732"}],"wp:attachment":[{"href":"https:\/\/encrenous.fr\/index.php\/wp-json\/wp\/v2\/media?parent=135"}],"curies":[{"name":"wp","href":"https:\/\/api.w.org\/{rel}","templated":true}]}}