{"id":1722,"date":"2026-09-01T12:07:00","date_gmt":"2026-09-01T10:07:00","guid":{"rendered":"https:\/\/encrenous.fr\/?page_id=1722"},"modified":"2026-09-01T18:45:21","modified_gmt":"2026-09-01T16:45:21","slug":"un-recit-de-vie-pourquoi","status":"publish","type":"page","link":"https:\/\/encrenous.fr\/index.php\/un-recit-de-vie-pourquoi\/","title":{"rendered":"R\u00e9cit de vie"},"content":{"rendered":"\n<p class=\"wp-block-paragraph\">Un r\u00e9cit de vie, pourquoi ?<\/p>\n\n\n\n<h1 class=\"wp-block-heading has-text-align-left has-text-color has-link-color has-medium-font-size wp-elements-41c4732f7a789c64ad50fd46f78c4448\" style=\"color:#00a933\"><strong>CONNA\u00ceTRE SON PASS\u00c9 POUR MIEUX COMPRENDRE SON HISTOIRE.<\/strong><\/h1>\n\n\n\n<p class=\"has-text-align-center wp-block-paragraph\">Transmettre son histoire \u00e0 sa famille, ses amis, coll\u00e8gues, et dans certains cas la partager avec des inconnus<\/p>\n\n\n\n<figure class=\"wp-block-image aligncenter size-full is-resized\"><img loading=\"lazy\" decoding=\"async\" width=\"606\" height=\"862\" src=\"https:\/\/encrenous.fr\/wp-content\/uploads\/2026\/07\/Recit-de-vie-il-etait-une-fois-1.png\" alt=\"\u00e9crire son histoire pour la transmettre \u00e0 ses enfants et petits-enfants\" class=\"wp-image-1814\" style=\"width:607px;height:auto\" srcset=\"https:\/\/encrenous.fr\/wp-content\/uploads\/2026\/07\/Recit-de-vie-il-etait-une-fois-1.png 606w, https:\/\/encrenous.fr\/wp-content\/uploads\/2026\/07\/Recit-de-vie-il-etait-une-fois-1-211x300.png 211w\" sizes=\"auto, (max-width: 606px) 100vw, 606px\" \/><figcaption class=\"wp-element-caption\">R\u00e9cit de vie pour transmettre son histoire<\/figcaption><\/figure>\n\n\n\n<p class=\"has-black-color has-text-color has-link-color wp-elements-1c4b081aba2540939952706774ef7675 wp-block-paragraph\"><strong>Il est important de mettre par \u00e9crit nos souvenirs avant qu\u2019il ne soit trop tard, <\/strong>que la m\u00e9moire ne nous fasse d\u00e9faut. Il m\u2019est arriv\u00e9 d\u2019\u00e9crire un r\u00e9cit de vie en urgence\u2009:&nbsp;<strong>atteindre notre objectif nous a demand\u00e9 un v\u00e9ritable travail contre la montre&nbsp;<\/strong>que nous avons r\u00e9ussi \u00e0 mener \u00e0 terme, au grand bonheur de la famille et de l\u2019auteure qui a pu, apais\u00e9e, tenir en main une premi\u00e8re version de son livre.<\/p>\n\n\n\n<p class=\"wp-block-paragraph\">\u2013\u2009Laisser une trace \u00e9crite p<strong>our transmettre \u00e0&nbsp;sa famille (ses fr\u00e8res et s\u0153urs,&nbsp;ses enfants et petits-enfants\u2026), \u00e0 ses amis\u2026<\/strong><\/p>\n\n\n\n<h2 class=\"wp-block-heading\">C\u2019est un t\u00e9moignage, la m\u00e9moire de la famille\u2009 :<\/h2>\n\n\n\n<p class=\"wp-block-paragraph\">\u2013\u2009<strong>T\u00e9moignage historique<\/strong><\/p>\n\n\n\n<p class=\"wp-block-paragraph\">\u2013\u2009<strong>T\u00e9moignage des \u00e9v\u00e9nements<\/strong>\u2009: les rencontres, les \u00e9volutions, les choix, ou non, de travail, les mariages, les naissances, les loisirs et engagements, les joies et les peines\u2026<\/p>\n\n\n\n<p class=\"wp-block-paragraph\">\u2013\u2009 <strong>R\u00e9cit d\u2019aventures<\/strong> (exploit sportif, voyage, d\u00e9couverte d\u2019une culture, exp\u00e9dition, reportage\u2026)<\/p>\n\n\n\n<figure class=\"wp-block-image aligncenter size-large\"><img loading=\"lazy\" decoding=\"async\" width=\"724\" height=\"1024\" src=\"https:\/\/encrenous.fr\/wp-content\/uploads\/2026\/07\/Livre-daventure-sportive-Pascal-Perrotin-724x1024.png\" alt=\"Partager un exploit sportif avec ses proches, amies et coll\u00e8gues gr\u00e2ce \u00e0 un livre\" class=\"wp-image-1816\" srcset=\"https:\/\/encrenous.fr\/wp-content\/uploads\/2026\/07\/Livre-daventure-sportive-Pascal-Perrotin-724x1024.png 724w, https:\/\/encrenous.fr\/wp-content\/uploads\/2026\/07\/Livre-daventure-sportive-Pascal-Perrotin-212x300.png 212w, https:\/\/encrenous.fr\/wp-content\/uploads\/2026\/07\/Livre-daventure-sportive-Pascal-Perrotin-768x1086.png 768w, https:\/\/encrenous.fr\/wp-content\/uploads\/2026\/07\/Livre-daventure-sportive-Pascal-Perrotin-1086x1536.png 1086w, https:\/\/encrenous.fr\/wp-content\/uploads\/2026\/07\/Livre-daventure-sportive-Pascal-Perrotin.png 1414w\" sizes=\"auto, (max-width: 724px) 100vw, 724px\" \/><figcaption class=\"wp-element-caption\">Raconter un exploit sportif associ\u00e9 \u00e0 ses valeurs<\/figcaption><\/figure>\n\n\n\n<p class=\"wp-block-paragraph\">De retour de six mois d&rsquo;une randonn\u00e9e du Mexique au Canada sac au dos, Pascal me contacte pour r\u00e9diger son aventure. Une demande un peu sp\u00e9ciale puisqu&rsquo;il souhaite la pr\u00e9senter par th\u00e8mes : la pr\u00e9paration, l&rsquo;organisation, le physique, la m\u00e9t\u00e9o, les bivouacs, les relations avec les autres randonneurs, l&rsquo;eau (indispensable et dangereuse).<\/p>\n\n\n\n<p class=\"wp-block-paragraph\">Nous nous sommes vu 9 fois : il racontait par ordre chronologique, photos \u00e0 l&rsquo;appui, j&rsquo;\u00e9coutais, enregistrais. Puis, de cette mati\u00e8re, j&rsquo;ai tir\u00e9 le nombre de chapitres pr\u00e9vus.<\/p>\n\n\n\n<p class=\"wp-block-paragraph\">Pour compl\u00e9ter le r\u00e9cit, j&rsquo;ai interview\u00e9 sa femme, ses fr\u00e8re et soeur, ses enfants, des amis, des coll\u00e8gues et son patron : comment chacun avait v\u00e9cu l&rsquo;id\u00e9e du projet, la randonn\u00e9e, et enfin le retour, quels changements chez Pascal au retour de cette aventure&nbsp;?<\/p>\n\n\n\n<p class=\"wp-block-paragraph\">Le tout a donn\u00e9 un livre au profit de l&rsquo;APEI de Chamb\u00e9ry<\/p>\n\n\n\n<p class=\"wp-block-paragraph\">\u2013\u2009<strong>Transmettre dans le cadre de projets collectifs<\/strong> (association, club sportif, de loisirs, chorales\u2026)<\/p>\n\n\n\n<p class=\"wp-block-paragraph\">T\u00e9moigner pour :<\/p>\n\n\n\n<p class=\"wp-block-paragraph\">\u2013\u2009<strong>Se livrer en confiance pour aller mieux<\/strong> (apr\u00e8s un \u00e9v\u00e9nement, une maladie)<\/p>\n\n\n\n<p class=\"wp-block-paragraph\">\u2013\u2009<strong>Recueillir les souvenirs des personnes au bon moment, avant qu\u2019il ne soit trop tard <\/strong>(perte de m\u00e9moire, maladie d\u00e9g\u00e9n\u00e9rative avanc\u00e9e)<\/p>\n\n\n\n<figure class=\"wp-block-image aligncenter size-full is-resized\"><img loading=\"lazy\" decoding=\"async\" width=\"568\" height=\"797\" src=\"https:\/\/encrenous.fr\/wp-content\/uploads\/2026\/07\/Couverture-Helene-Nicoud-partager-un-temoigne-1.jpg\" alt=\"\u00c9crire pour t\u00e9moigner de son combat pour la dignit\u00e9 humaine\" class=\"wp-image-1817\" style=\"width:435px\" srcset=\"https:\/\/encrenous.fr\/wp-content\/uploads\/2026\/07\/Couverture-Helene-Nicoud-partager-un-temoigne-1.jpg 568w, https:\/\/encrenous.fr\/wp-content\/uploads\/2026\/07\/Couverture-Helene-Nicoud-partager-un-temoigne-1-214x300.jpg 214w\" sizes=\"auto, (max-width: 568px) 100vw, 568px\" \/><figcaption class=\"wp-element-caption\">Relater une vie de combat pour la dignit\u00e9 humaine &#8211; Un t\u00e9moignage souhait\u00e9 depuis longtemps<\/figcaption><\/figure>\n\n\n\n<p class=\"has-text-align-center has-text-color has-link-color wp-elements-8958e61b504c6f032ab313fdd8fa87f1 wp-block-paragraph\" style=\"color:#339966\"><strong>Des commentaires qui font chaud au coeur<\/strong> :<\/p>\n\n\n\n<p class=\"has-text-align-center has-text-color has-link-color wp-elements-a9b2c876cadf6a9de5745c4762cc10db wp-block-paragraph\" style=\"color:#339966\">\u00ab\u00a0En lisant ce livre, j&rsquo;entendais ma grand-m\u00e8re.\u00a0\u00bb<\/p>\n\n\n\n<p class=\"has-text-align-center has-text-color has-link-color wp-elements-19b2666924e4567ba8f6bfeca9e81f6b wp-block-paragraph\" style=\"color:#339966\">\u00ab\u00a0J&rsquo;ai appris des choses sur ma m\u00e8re, \u00e7a m&rsquo;a aid\u00e9 \u00e0  la comprendre.\u00a0\u00bb<\/p>\n\n\n\n<p class=\"wp-block-paragraph\">\u2013<strong>\u2009Raconter une aventure extra-ordinaire, originale, sportive, culturelle<\/strong><\/p>\n\n\n\n<h2 class=\"wp-block-heading has-medium-font-size\"><strong>Exemples de r\u00e9cit de vie\u2009:<\/strong><\/h2>\n\n\n\n<p class=\"wp-block-paragraph\">\u2013\u2009\u00catre enfant alsacien en 39-45, pris entre deux feux, Allemands et Fran\u00e7ais\u2009, d\u00e9plac\u00e9 en Limousin avec toute sa famille.<\/p>\n\n\n\n<p class=\"wp-block-paragraph\">Un fils a voulu recueillir la m\u00e9moire de son p\u00e8re, atteint de la maladie d\u2019Alzheimer, et \u00e0 travers lui celle de sa famille. Il \u00e9tait grand temps, mais, malgr\u00e9 certains souvenirs alt\u00e9r\u00e9s, nous avons \u00e9crit un livre qui laisse une trace aux descendants.&nbsp;<\/p>\n\n\n\n<p class=\"has-text-align-center alignwide wp-block-paragraph\"><em>Nous, car c\u2019est toujours un travail collectif<\/em><\/p>\n\n\n\n<p class=\"has-text-align-center has-text-color has-link-color wp-elements-7a869d0add1b3f06d38d180f7220e1b5 wp-block-paragraph\" style=\"color:#339966\"><strong>T\u00e9moignage <\/strong><\/p>\n\n\n\n<p class=\"has-text-align-center has-text-color has-link-color wp-elements-f3ac86eed6fa9a55054d0cf80fbce817 wp-block-paragraph\" style=\"color:#339966\">\u00c7a y est, nous avons finalis\u00e9 l\u2019impression du r\u00e9cit que tu as \u00e9crit.<\/p>\n\n\n\n<p class=\"has-text-align-center has-text-color has-link-color wp-elements-b679a08caf6b742ec54e59f179d1e929 wp-block-paragraph\" style=\"color:#339966\">Encore merci, il a eu un grand succ\u00e8s aupr\u00e8s de la famille alsacienne de Jean-Marie que nous avons retrouv\u00e9e lors d\u2019une cousinade.<\/p>\n\n\n\n<p class=\"wp-block-paragraph\">\u2013La destin\u00e9e de deux jeunes motterains qui unissent leur vie \u00e0 la suite d\u2019une rencontre fortuite. Plusieurs d\u00e9cennies de vie. Et quelles d\u00e9cennies !&nbsp; Originaire de Savoie, lui cheminot, se former soi-m\u00eame, devenir m\u00e9cano, soudeur, bricoleur jusqu\u2019\u00e0 fabriquer une v\u00e9ritable mini-voiture pour permettre \u00e0 ses petits-enfants d\u2019apprendre \u00e0 conduire\u2009;<\/p>\n\n\n\n<p class=\"wp-block-paragraph\">\u2013\u2009Une vie de femme \u00e0 toute \u00e9preuve, de l\u2019Italie \u00e0 la Savoie\u2009: se battre pour ses enfants, pour soi, fuir la violence, d\u00e9couvrir la paix\u2009;<\/p>\n\n\n\n<p class=\"wp-block-paragraph\">\u2013\u2009Infirmi\u00e8re au CHS de Savoie \u00e0 Chamb\u00e9ry\u2009: se battre pour la dignit\u00e9 de chacun, homme et femme, t\u00e9moigner que ce peut \u00eatre le moteur d\u2019une vie\u2009;<\/p>\n\n\n\n<p class=\"wp-block-paragraph\">\u2013\u2009Enfants cach\u00e9s en 1942, fuir Paris, mettre les enfants \u00e0 l\u2019abri. Les survivants se murent dans le silence, jusqu\u2019au jour o\u00f9, grands-parents, ils d\u00e9cident de parler\u2009: pour que l\u2019histoire soit connue, pour r\u00e9pondre \u00e0 ses petits-enfants, les aider \u00e0 comprendre certain mutisme, certaines r\u00e9actions&#8230;<\/p>\n\n\n\n<h2 class=\"wp-block-heading has-medium-font-size\"><strong>Un r\u00e9cit pour t\u00e9moigner&nbsp;d\u2019une exp\u00e9rience\u2009<\/strong>:<\/h2>\n\n\n\n<p class=\"wp-block-paragraph\"><strong>T\u00e9moigner d&rsquo;un handicap invisible<\/strong> \u2013\u2009Le handicap invisible, y survivre, l\u2019apprivoiser, chercher \u00e0 gu\u00e9rir\u2009; t\u00e9moigner pour faire conna\u00eetre, comprendre le sentiment d\u2019angoisse, le v\u00e9cu de quelqu\u2019un souffrant de diff\u00e9rence.<\/p>\n\n\n\n<figure class=\"wp-block-image aligncenter size-full is-resized\"><img loading=\"lazy\" decoding=\"async\" width=\"567\" height=\"792\" src=\"https:\/\/encrenous.fr\/wp-content\/uploads\/2026\/07\/Couverture-temoignage-Aurelie-Martino-En-excursion-vers-la-vie.mars2022.jpg\" alt=\"T\u00e9moigner du handicap invisible pour faire comprendre la maladie\" class=\"wp-image-1845\" style=\"width:410px\" srcset=\"https:\/\/encrenous.fr\/wp-content\/uploads\/2026\/07\/Couverture-temoignage-Aurelie-Martino-En-excursion-vers-la-vie.mars2022.jpg 567w, https:\/\/encrenous.fr\/wp-content\/uploads\/2026\/07\/Couverture-temoignage-Aurelie-Martino-En-excursion-vers-la-vie.mars2022-215x300.jpg 215w\" sizes=\"auto, (max-width: 567px) 100vw, 567px\" \/><figcaption class=\"wp-element-caption\">T\u00e9moigner<\/figcaption><\/figure>\n\n\n\n<p class=\"wp-block-paragraph\"><strong>D\u00e9voiler les coulisses de reportages en Am\u00e9rique centrale<\/strong><\/p>\n\n\n\n<p class=\"wp-block-paragraph\">\u2013\u2009les questions d\u2019\u00e9thiques : jusqu&rsquo;o\u00f9 t\u00e9moigner sans devenir complice ?<\/p>\n\n\n\n<p class=\"wp-block-paragraph\">\u2013\u2009analyser les dangers pris et accept\u00e9s : infiltrer des gangs de trafics de drogue.<\/p>\n\n\n\n<p class=\"wp-block-paragraph\">\u2013\u2009la volont\u00e9 de t\u00e9moigner : pour que les victimes et les risques toujours pr\u00e9sents soient connus.<\/p>\n\n\n\n<p class=\"wp-block-paragraph\">\u2009<strong>Un exploit sportif<\/strong>\u2009:&nbsp;la travers\u00e9e des \u00c9tats-Unis de la fronti\u00e8re mexicaine \u00e0 la canadienne, sac au dos<\/p>\n\n\n\n<p class=\"wp-block-paragraph\">\u2013\u2009quand chaque kilom\u00e8tre march\u00e9 apporte un soutien \u00e0 une cause, les enfants de l&rsquo;APEI de Chamb\u00e9ry.&nbsp;<\/p>\n\n\n\n<p class=\"wp-block-paragraph\">\u2013\u2009pr\u00e9senter une exp\u00e9rience par th\u00e8mes (pr\u00e9paration, organisation, \u00e9motions, relations, m\u00e9t\u00e9o, eau, conditions physiques, bivouac, nourriture, paysage).<\/p>\n\n\n\n<h1 class=\"wp-block-heading has-medium-font-size\"><strong>R\u00e9cit de vie : foire aux questions<\/strong><\/h1>\n\n\n\n<h2 class=\"wp-block-heading has-medium-font-size\"><strong>Comment se d\u00e9roule la r\u00e9daction de votre r\u00e9cit de vie ?<\/strong><\/h2>\n\n\n\n<p class=\"wp-block-paragraph\"><strong>Premier rendez-vous offert pour \u00e9couter votre demande<\/strong>\u2009:<\/p>\n\n\n\n<ul class=\"wp-block-list\">\n<li>\u00c0 qui adressez-vous votre r\u00e9cit de vie\u2009?&nbsp;<\/li>\n\n\n\n<li>De quoi voulez-vous t\u00e9moigner\u2009?<\/li>\n\n\n\n<li>Que voulez-vous transmettre\u2009?<\/li>\n\n\n\n<li>Sous quelle forme\u2009?<\/li>\n<\/ul>\n\n\n\n<p class=\"wp-block-paragraph\"><strong>Nous nous mettons d\u2019accord<\/strong>&nbsp;:<\/p>\n\n\n\n<ul class=\"wp-block-list\">\n<li>sur les <strong>modalit\u00e9s<\/strong> (de r\u00e9daction, rendu du travail, d\u00e9lai)<\/li>\n\n\n\n<li>sur&nbsp;<strong>l\u2019accompagnement<\/strong>&nbsp;que vous souhaitez\u2009:\n<ul class=\"wp-block-list\">\n<li>organiser votre r\u00e9cit, par ordre chronologique ou par th\u00e8me (l\u2019enfance\/adolescence, la vie familiale, professionnelle, les loisirs et engagements),<\/li>\n\n\n\n<li>r\u00e9pondre \u00e0 mes questions pour vous aider \u00e0 retrouver des \u00e9v\u00e9nements, \u00e0 vous raconter en toute confiance.<\/li>\n<\/ul>\n<\/li>\n<\/ul>\n\n\n\n<p class=\"wp-block-paragraph\"><strong>Puis nous nous retrouvons lors de rendez-vous d\u20191&nbsp;h \u00e0 1&nbsp;h&nbsp;30\u2009<\/strong>, vous parlez, j\u2019\u00e9coute, enregistre, vous accompagne, vous aide \u00e0 suivre votre fil.<\/p>\n\n\n\n<p class=\"wp-block-paragraph\"><strong>J\u2019\u00e9cris un premier texte,<\/strong> v\u00e9rifie la coh\u00e9rence&nbsp;(date\u2026), rep\u00e8re un point incomplet ou impr\u00e9cis que je vous demanderai d\u2019\u00e9claircir \u00e0 la s\u00e9ance suivante.<\/p>\n\n\n\n<p class=\"wp-block-paragraph\">Plusieurs rendez-vous, en g\u00e9n\u00e9ral tous les 15&nbsp;jours, ou plus.<\/p>\n\n\n\n<p class=\"wp-block-paragraph\">Vous pouvez me donner\/m\u2019envoyer tous documents que vous pensez utiles \u00e0 la r\u00e9daction de votre r\u00e9cit\u2009: photos, \u00e9crits\u2026<\/p>\n\n\n\n<h3 class=\"wp-block-heading has-medium-font-size\"><strong>Quels t\u00e9moignages int\u00e9grer\u2009?<\/strong><\/h3>\n\n\n\n<p class=\"wp-block-paragraph\">Il serait int\u00e9ressant d&rsquo;int\u00e9grer des interviews de t\u00e9moins, de membres de votre famille, de vos employeurs pass\u00e9s et actuels, de vos amis, de vos coll\u00e8gues. Vous pouvez me les fournir ou je peux les effectuer pour vous, avec ou sans vous, en direct ou par t\u00e9l\u00e9phone, en visio&#8230;<\/p>\n\n\n\n<h3 class=\"wp-block-heading has-medium-font-size\"><strong>Comment am\u00e9liorer <\/strong>votre <strong>livre\u2009?<\/strong><\/h3>\n\n\n\n<p class=\"wp-block-paragraph\">Pour rendre le livre plus vivant, je recherche des compl\u00e9ments (photos, cartes, chronologie) \u2014 pour m\u2019impr\u00e9gner d\u2019un lieu, d\u2019une ambiance, ajouter un d\u00e9tail qui enrichit le texte.<\/p>\n\n\n\n<figure class=\"wp-block-image aligncenter size-full is-resized\"><img loading=\"lazy\" decoding=\"async\" width=\"1080\" height=\"1350\" src=\"https:\/\/encrenous.fr\/wp-content\/uploads\/2026\/09\/Un-document-pour-illustrer-une-epoque.png\" alt=\"Illustrer un r\u00e9cit avec un document d'\u00e9poque\" class=\"wp-image-2197\" style=\"width:377px;height:auto\" srcset=\"https:\/\/encrenous.fr\/wp-content\/uploads\/2026\/09\/Un-document-pour-illustrer-une-epoque.png 1080w, https:\/\/encrenous.fr\/wp-content\/uploads\/2026\/09\/Un-document-pour-illustrer-une-epoque-240x300.png 240w, https:\/\/encrenous.fr\/wp-content\/uploads\/2026\/09\/Un-document-pour-illustrer-une-epoque-819x1024.png 819w, https:\/\/encrenous.fr\/wp-content\/uploads\/2026\/09\/Un-document-pour-illustrer-une-epoque-768x960.png 768w\" sizes=\"auto, (max-width: 1080px) 100vw, 1080px\" \/><figcaption class=\"wp-element-caption\">Un document pour illustrer une histoire<\/figcaption><\/figure>\n\n\n\n<h3 class=\"wp-block-heading has-medium-font-size\"><strong>Combien de temps pour \u00e9crire un r\u00e9cit de vie\u2009?<\/strong><\/h3>\n\n\n\n<p class=\"wp-block-paragraph\">Il n\u2019y a pas de r\u00e8gle.<\/p>\n\n\n\n<p class=\"wp-block-paragraph\">Le nombre de s\u00e9ances est tr\u00e8s variable, selon\u2009:&nbsp;<\/p>\n\n\n\n<p class=\"wp-block-paragraph\">\u2013\u2009vos souvenirs, professionnels, familiaux, amicaux, sociaux, etc., ce que vous voulez transmettre, ou non.<\/p>\n\n\n\n<p class=\"wp-block-paragraph\">\u2013\u2009les questions qui me viennent en r\u00e9digeant ce que vous m\u2019avez racont\u00e9, les besoins d\u2019\u00e9claircissement d\u2019un \u00e9v\u00e9nement, de chronologie, de liens de parent\u00e9 ou sociaux<\/p>\n\n\n\n<p class=\"wp-block-paragraph\">Souvent, les souvenirs remontent progressivement.<\/p>\n\n\n\n<p class=\"has-black-color has-text-color has-link-color wp-elements-b9031a0febf57b0949655db214af5833 wp-block-paragraph\">Selon mes clients, la dur\u00e9e du projet a vari\u00e9 de 3 mois (D&rsquo;enfant cach\u00e9 \u00e0 Grand-P\u00e8re) \u00e0 1 an (Les coulisses d&rsquo;un journaliste)<\/p>\n\n\n\n<h3 class=\"wp-block-heading has-medium-font-size\"><strong>Combien co\u00fbte la r\u00e9daction de vos m\u00e9moires ?<\/strong><\/h3>\n\n\n\n<p class=\"wp-block-paragraph\">L\u00e0 encore, tout d\u00e9pend du temps n\u00e9cessaire \u00e0 son \u00e9criture.<\/p>\n\n\n\n<p class=\"has-black-color has-text-color has-link-color wp-elements-359c7d79c05e776b618929f352ded855 wp-block-paragraph\">Lors de notre rendez-vous initial, nous essayons ensemble de voir ce que vous voulez dire, et faisons une estimation du temps. Ensuite, je vous propose un devis estimatif, avec deux <a href=\"https:\/\/encrenous.fr\/index.php\/tarifs-2\/\">tarifs<\/a>, du minimum au maximum (hors \u00e9dition du livre).<\/p>\n\n\n\n<h3 class=\"wp-block-heading has-medium-font-size\"><strong>Combien co\u00fbte l\u2019\u00e9dition du livre\u2009?<\/strong><\/h3>\n\n\n\n<p class=\"wp-block-paragraph\">Le prix varie en fonction du nombre de pages, de l\u2019ajout de photos, imprim\u00e9 en couleurs ou en noir et blanc, et du nombre d\u2019exemplaires.<\/p>\n\n\n\n<h3 class=\"wp-block-heading\">Je peux m\u2019occuper de l\u2019auto-\u00e9dition avec CoolLibri&nbsp;<\/h3>\n\n\n\n<p class=\"wp-block-paragraph\">L&rsquo;auto-\u00e9dition permet d&rsquo;\u00e9diter un livre sans passer par un \u00e9diteur (ce qui est tr\u00e8s compliqu\u00e9 et exceptionnel).<\/p>\n\n\n\n<p class=\"has-black-color has-text-color has-link-color wp-elements-a9c3e141dedfa6c891547e7e4c8a74e3 wp-block-paragraph\">J&rsquo;ai choisi<a href=\"https:\/\/www.coollibri.com\/Infos\/qui-sommes-nous\" target=\"_blank\" rel=\"noreferrer noopener\"> CoolLibri<\/a>, maison d&rsquo;auto-\u00e9dition et d&rsquo;imprimerie bas\u00e9e \u00e0 Toulouse.<\/p>\n\n\n\n<figure class=\"wp-block-image aligncenter size-full\"><img loading=\"lazy\" decoding=\"async\" width=\"610\" height=\"126\" src=\"https:\/\/encrenous.fr\/wp-content\/uploads\/2026\/07\/Certifications-CoolLibri.png\" alt=\"Ces images repr\u00e9sentent les certifications CoolLibri\" class=\"wp-image-1726\" srcset=\"https:\/\/encrenous.fr\/wp-content\/uploads\/2026\/07\/Certifications-CoolLibri.png 610w, https:\/\/encrenous.fr\/wp-content\/uploads\/2026\/07\/Certifications-CoolLibri-300x62.png 300w\" sizes=\"auto, (max-width: 610px) 100vw, 610px\" \/><figcaption class=\"wp-element-caption\">Certifications CoolLibri<\/figcaption><\/figure>\n\n\n\n<p class=\"wp-block-paragraph\"><em>Chez CoolLibri, nous mettons notre savoir-faire \u00e0 votre service afin de vous permettre de r\u00e9aliser et publier votre livre. Que vous souhaitiez \u00e9crire un roman, un manga, une bande dessin\u00e9e, un magazine, ou autre, vous pourrez, gr\u00e2ce \u00e0 nos outils en ligne, imprimer facilement votre livre. <\/em><\/p>\n\n\n\n<p class=\"wp-block-paragraph\"><em>Nous avons \u00e0 c\u0153ur de vous proposer une impression de haute qualit\u00e9. C\u2019est pourquoi tous nos produits sont fabriqu\u00e9s en France dans notre atelier situ\u00e9 au sein de la ville rose. Nous avons fait le choix de ne passer par aucun interm\u00e9diaire ou sous-traitant. En effet, notre parc machine de 5\u2009000&nbsp;m<\/em><sup><em>2<\/em><\/sup><em>&nbsp;nous permet d\u2019assurer la totalit\u00e9 des \u00e9tapes de production en interne et de vous proposer l\u2019offre la plus compl\u00e8te possible.<\/em><\/p>\n\n\n\n<div class=\"wp-block-buttons is-layout-flex wp-block-buttons-is-layout-flex\">\n<div class=\"wp-block-button\"><a class=\"wp-block-button__link has-background wp-element-button\" href=\"https:\/\/encrenous.fr\/index.php\/contact\/\" style=\"background-color:#339966\" target=\"_blank\" rel=\"noreferrer noopener\">Contactez Agn\u00e8s Rivi\u00e8re<\/a><\/div>\n<\/div>\n\n\n\n<p class=\"wp-block-paragraph\"><\/p>\n","protected":false},"excerpt":{"rendered":"<p>Un r\u00e9cit de vie, pourquoi ? CONNA\u00ceTRE SON PASS\u00c9 POUR MIEUX COMPRENDRE SON HISTOIRE. Transmettre son histoire \u00e0 sa famille, ses amis, coll\u00e8gues, et dans certains cas la partager avec des inconnus Il est important de mettre par \u00e9crit nos souvenirs avant qu\u2019il ne soit trop tard, que la m\u00e9moire ne nous fasse d\u00e9faut. Il [&hellip;]<\/p>\n","protected":false},"author":1,"featured_media":1732,"parent":0,"menu_order":0,"comment_status":"closed","ping_status":"closed","template":"","meta":{"footnotes":""},"class_list":["post-1722","page","type-page","status-publish","has-post-thumbnail","hentry"],"yoast_head":"<!-- This site is optimized with the Yoast SEO plugin v28.4 - https:\/\/yoast.com\/product\/yoast-seo-wordpress\/ -->\n<title>R\u00e9cit de vie : transmettez votre histoire \u00e0 votre famille<\/title>\n<meta name=\"description\" content=\"Vous voulez aidez vos proches \u00e0 comprendre le pr\u00e9sent gr\u00e2ce au pass\u00e9, je vous accompagne dans la r\u00e9daction jusqu&#039;\u00e0 l&#039;\u00e9dition de votre livre.\" \/>\n<meta name=\"robots\" content=\"index, follow, max-snippet:-1, max-image-preview:large, max-video-preview:-1\" \/>\n<link rel=\"canonical\" href=\"https:\/\/encrenous.fr\/index.php\/un-recit-de-vie-pourquoi\/\" \/>\n<meta property=\"og:locale\" content=\"fr_FR\" \/>\n<meta property=\"og:type\" content=\"article\" \/>\n<meta property=\"og:title\" content=\"R\u00e9cit de vie : transmettez votre histoire \u00e0 votre famille\" \/>\n<meta property=\"og:description\" content=\"Vous voulez aidez vos proches \u00e0 comprendre le pr\u00e9sent gr\u00e2ce au pass\u00e9, je vous accompagne dans la r\u00e9daction jusqu&#039;\u00e0 l&#039;\u00e9dition de votre livre.\" \/>\n<meta property=\"og:url\" content=\"https:\/\/encrenous.fr\/index.php\/un-recit-de-vie-pourquoi\/\" \/>\n<meta property=\"og:site_name\" content=\"Encre-nous\" \/>\n<meta property=\"article:publisher\" content=\"https:\/\/www.facebook.com\/Encrenous.ecrivainpublic\" \/>\n<meta property=\"article:modified_time\" content=\"2026-09-01T16:45:21+00:00\" \/>\n<meta property=\"og:image\" content=\"https:\/\/encrenous.fr\/wp-content\/uploads\/2026\/07\/Agnes-Riviere-par-Angelique-Emonet.png\" \/>\n\t<meta property=\"og:image:width\" content=\"601\" \/>\n\t<meta property=\"og:image:height\" content=\"812\" \/>\n\t<meta property=\"og:image:type\" content=\"image\/png\" \/>\n<meta name=\"twitter:card\" content=\"summary_large_image\" \/>\n<meta name=\"twitter:label1\" content=\"Dur\u00e9e de lecture estim\u00e9e\" \/>\n\t<meta name=\"twitter:data1\" content=\"9 minutes\" \/>\n<script type=\"application\/ld+json\" class=\"yoast-schema-graph\">{\"@context\":\"https:\\\/\\\/schema.org\",\"@graph\":[{\"@type\":\"WebPage\",\"@id\":\"https:\\\/\\\/encrenous.fr\\\/index.php\\\/un-recit-de-vie-pourquoi\\\/\",\"url\":\"https:\\\/\\\/encrenous.fr\\\/index.php\\\/un-recit-de-vie-pourquoi\\\/\",\"name\":\"R\u00e9cit de vie : transmettez votre histoire \u00e0 votre famille\",\"isPartOf\":{\"@id\":\"https:\\\/\\\/encrenous.fr\\\/#website\"},\"primaryImageOfPage\":{\"@id\":\"https:\\\/\\\/encrenous.fr\\\/index.php\\\/un-recit-de-vie-pourquoi\\\/#primaryimage\"},\"image\":{\"@id\":\"https:\\\/\\\/encrenous.fr\\\/index.php\\\/un-recit-de-vie-pourquoi\\\/#primaryimage\"},\"thumbnailUrl\":\"https:\\\/\\\/encrenous.fr\\\/wp-content\\\/uploads\\\/2026\\\/07\\\/Agnes-Riviere-par-Angelique-Emonet.png\",\"datePublished\":\"2026-09-01T10:07:00+00:00\",\"dateModified\":\"2026-09-01T16:45:21+00:00\",\"description\":\"Vous voulez aidez vos proches \u00e0 comprendre le pr\u00e9sent gr\u00e2ce au pass\u00e9, je vous accompagne dans la r\u00e9daction jusqu'\u00e0 l'\u00e9dition de votre livre.\",\"breadcrumb\":{\"@id\":\"https:\\\/\\\/encrenous.fr\\\/index.php\\\/un-recit-de-vie-pourquoi\\\/#breadcrumb\"},\"inLanguage\":\"fr-FR\",\"potentialAction\":[{\"@type\":\"ReadAction\",\"target\":[\"https:\\\/\\\/encrenous.fr\\\/index.php\\\/un-recit-de-vie-pourquoi\\\/\"]}]},{\"@type\":\"ImageObject\",\"inLanguage\":\"fr-FR\",\"@id\":\"https:\\\/\\\/encrenous.fr\\\/index.php\\\/un-recit-de-vie-pourquoi\\\/#primaryimage\",\"url\":\"https:\\\/\\\/encrenous.fr\\\/wp-content\\\/uploads\\\/2026\\\/07\\\/Agnes-Riviere-par-Angelique-Emonet.png\",\"contentUrl\":\"https:\\\/\\\/encrenous.fr\\\/wp-content\\\/uploads\\\/2026\\\/07\\\/Agnes-Riviere-par-Angelique-Emonet.png\",\"width\":601,\"height\":812,\"caption\":\"Agn\u00e8s Rivi\u00e8re \u00e9crivain public - photo Ang\u00e9lique Emonet\"},{\"@type\":\"BreadcrumbList\",\"@id\":\"https:\\\/\\\/encrenous.fr\\\/index.php\\\/un-recit-de-vie-pourquoi\\\/#breadcrumb\",\"itemListElement\":[{\"@type\":\"ListItem\",\"position\":1,\"name\":\"Accueil\",\"item\":\"https:\\\/\\\/encrenous.fr\\\/\"},{\"@type\":\"ListItem\",\"position\":2,\"name\":\"R\u00e9cit de vie\"}]},{\"@type\":\"WebSite\",\"@id\":\"https:\\\/\\\/encrenous.fr\\\/#website\",\"url\":\"https:\\\/\\\/encrenous.fr\\\/\",\"name\":\"Encre-nous\",\"description\":\"\u00e9crivain public\",\"publisher\":{\"@id\":\"https:\\\/\\\/encrenous.fr\\\/#organization\"},\"alternateName\":\"\u00e9crivain public Chamb\u00e9ry Savoie\",\"potentialAction\":[{\"@type\":\"SearchAction\",\"target\":{\"@type\":\"EntryPoint\",\"urlTemplate\":\"https:\\\/\\\/encrenous.fr\\\/?s={search_term_string}\"},\"query-input\":{\"@type\":\"PropertyValueSpecification\",\"valueRequired\":true,\"valueName\":\"search_term_string\"}}],\"inLanguage\":\"fr-FR\"},{\"@type\":\"Organization\",\"@id\":\"https:\\\/\\\/encrenous.fr\\\/#organization\",\"name\":\"Encre-nous\",\"url\":\"https:\\\/\\\/encrenous.fr\\\/\",\"logo\":{\"@type\":\"ImageObject\",\"inLanguage\":\"fr-FR\",\"@id\":\"https:\\\/\\\/encrenous.fr\\\/#\\\/schema\\\/logo\\\/image\\\/\",\"url\":\"https:\\\/\\\/encrenous.fr\\\/wp-content\\\/uploads\\\/2020\\\/01\\\/Profil.jpg\",\"contentUrl\":\"https:\\\/\\\/encrenous.fr\\\/wp-content\\\/uploads\\\/2020\\\/01\\\/Profil.jpg\",\"width\":314,\"height\":315,\"caption\":\"Encre-nous\"},\"image\":{\"@id\":\"https:\\\/\\\/encrenous.fr\\\/#\\\/schema\\\/logo\\\/image\\\/\"},\"sameAs\":[\"https:\\\/\\\/www.facebook.com\\\/Encrenous.ecrivainpublic\",\"https:\\\/\\\/www.linkedin.com\\\/in\\\/agn\u00e8s-rivi\u00e8re-69307bb8\\\/\",\"https:\\\/\\\/www.instagram.com\\\/agnes73riviere\"]}]}<\/script>\n<!-- \/ Yoast SEO plugin. -->","yoast_head_json":{"title":"R\u00e9cit de vie : transmettez votre histoire \u00e0 votre famille","description":"Vous voulez aidez vos proches \u00e0 comprendre le pr\u00e9sent gr\u00e2ce au pass\u00e9, je vous accompagne dans la r\u00e9daction jusqu'\u00e0 l'\u00e9dition de votre livre.","robots":{"index":"index","follow":"follow","max-snippet":"max-snippet:-1","max-image-preview":"max-image-preview:large","max-video-preview":"max-video-preview:-1"},"canonical":"https:\/\/encrenous.fr\/index.php\/un-recit-de-vie-pourquoi\/","og_locale":"fr_FR","og_type":"article","og_title":"R\u00e9cit de vie : transmettez votre histoire \u00e0 votre famille","og_description":"Vous voulez aidez vos proches \u00e0 comprendre le pr\u00e9sent gr\u00e2ce au pass\u00e9, je vous accompagne dans la r\u00e9daction jusqu'\u00e0 l'\u00e9dition de votre livre.","og_url":"https:\/\/encrenous.fr\/index.php\/un-recit-de-vie-pourquoi\/","og_site_name":"Encre-nous","article_publisher":"https:\/\/www.facebook.com\/Encrenous.ecrivainpublic","article_modified_time":"2026-09-01T16:45:21+00:00","og_image":[{"width":601,"height":812,"url":"https:\/\/encrenous.fr\/wp-content\/uploads\/2026\/07\/Agnes-Riviere-par-Angelique-Emonet.png","type":"image\/png"}],"twitter_card":"summary_large_image","twitter_misc":{"Dur\u00e9e de lecture estim\u00e9e":"9 minutes"},"schema":{"@context":"https:\/\/schema.org","@graph":[{"@type":"WebPage","@id":"https:\/\/encrenous.fr\/index.php\/un-recit-de-vie-pourquoi\/","url":"https:\/\/encrenous.fr\/index.php\/un-recit-de-vie-pourquoi\/","name":"R\u00e9cit de vie : transmettez votre histoire \u00e0 votre famille","isPartOf":{"@id":"https:\/\/encrenous.fr\/#website"},"primaryImageOfPage":{"@id":"https:\/\/encrenous.fr\/index.php\/un-recit-de-vie-pourquoi\/#primaryimage"},"image":{"@id":"https:\/\/encrenous.fr\/index.php\/un-recit-de-vie-pourquoi\/#primaryimage"},"thumbnailUrl":"https:\/\/encrenous.fr\/wp-content\/uploads\/2026\/07\/Agnes-Riviere-par-Angelique-Emonet.png","datePublished":"2026-09-01T10:07:00+00:00","dateModified":"2026-09-01T16:45:21+00:00","description":"Vous voulez aidez vos proches \u00e0 comprendre le pr\u00e9sent gr\u00e2ce au pass\u00e9, je vous accompagne dans la r\u00e9daction jusqu'\u00e0 l'\u00e9dition de votre livre.","breadcrumb":{"@id":"https:\/\/encrenous.fr\/index.php\/un-recit-de-vie-pourquoi\/#breadcrumb"},"inLanguage":"fr-FR","potentialAction":[{"@type":"ReadAction","target":["https:\/\/encrenous.fr\/index.php\/un-recit-de-vie-pourquoi\/"]}]},{"@type":"ImageObject","inLanguage":"fr-FR","@id":"https:\/\/encrenous.fr\/index.php\/un-recit-de-vie-pourquoi\/#primaryimage","url":"https:\/\/encrenous.fr\/wp-content\/uploads\/2026\/07\/Agnes-Riviere-par-Angelique-Emonet.png","contentUrl":"https:\/\/encrenous.fr\/wp-content\/uploads\/2026\/07\/Agnes-Riviere-par-Angelique-Emonet.png","width":601,"height":812,"caption":"Agn\u00e8s Rivi\u00e8re \u00e9crivain public - photo Ang\u00e9lique Emonet"},{"@type":"BreadcrumbList","@id":"https:\/\/encrenous.fr\/index.php\/un-recit-de-vie-pourquoi\/#breadcrumb","itemListElement":[{"@type":"ListItem","position":1,"name":"Accueil","item":"https:\/\/encrenous.fr\/"},{"@type":"ListItem","position":2,"name":"R\u00e9cit de vie"}]},{"@type":"WebSite","@id":"https:\/\/encrenous.fr\/#website","url":"https:\/\/encrenous.fr\/","name":"Encre-nous","description":"\u00e9crivain public","publisher":{"@id":"https:\/\/encrenous.fr\/#organization"},"alternateName":"\u00e9crivain public Chamb\u00e9ry Savoie","potentialAction":[{"@type":"SearchAction","target":{"@type":"EntryPoint","urlTemplate":"https:\/\/encrenous.fr\/?s={search_term_string}"},"query-input":{"@type":"PropertyValueSpecification","valueRequired":true,"valueName":"search_term_string"}}],"inLanguage":"fr-FR"},{"@type":"Organization","@id":"https:\/\/encrenous.fr\/#organization","name":"Encre-nous","url":"https:\/\/encrenous.fr\/","logo":{"@type":"ImageObject","inLanguage":"fr-FR","@id":"https:\/\/encrenous.fr\/#\/schema\/logo\/image\/","url":"https:\/\/encrenous.fr\/wp-content\/uploads\/2020\/01\/Profil.jpg","contentUrl":"https:\/\/encrenous.fr\/wp-content\/uploads\/2020\/01\/Profil.jpg","width":314,"height":315,"caption":"Encre-nous"},"image":{"@id":"https:\/\/encrenous.fr\/#\/schema\/logo\/image\/"},"sameAs":["https:\/\/www.facebook.com\/Encrenous.ecrivainpublic","https:\/\/www.linkedin.com\/in\/agn\u00e8s-rivi\u00e8re-69307bb8\/","https:\/\/www.instagram.com\/agnes73riviere"]}]}},"_links":{"self":[{"href":"https:\/\/encrenous.fr\/index.php\/wp-json\/wp\/v2\/pages\/1722","targetHints":{"allow":["GET"]}}],"collection":[{"href":"https:\/\/encrenous.fr\/index.php\/wp-json\/wp\/v2\/pages"}],"about":[{"href":"https:\/\/encrenous.fr\/index.php\/wp-json\/wp\/v2\/types\/page"}],"author":[{"embeddable":true,"href":"https:\/\/encrenous.fr\/index.php\/wp-json\/wp\/v2\/users\/1"}],"replies":[{"embeddable":true,"href":"https:\/\/encrenous.fr\/index.php\/wp-json\/wp\/v2\/comments?post=1722"}],"version-history":[{"count":41,"href":"https:\/\/encrenous.fr\/index.php\/wp-json\/wp\/v2\/pages\/1722\/revisions"}],"predecessor-version":[{"id":2232,"href":"https:\/\/encrenous.fr\/index.php\/wp-json\/wp\/v2\/pages\/1722\/revisions\/2232"}],"wp:featuredmedia":[{"embeddable":true,"href":"https:\/\/encrenous.fr\/index.php\/wp-json\/wp\/v2\/media\/1732"}],"wp:attachment":[{"href":"https:\/\/encrenous.fr\/index.php\/wp-json\/wp\/v2\/media?parent=1722"}],"curies":[{"name":"wp","href":"https:\/\/api.w.org\/{rel}","templated":true}]}}