{"id":1728,"date":"2026-09-01T12:08:01","date_gmt":"2026-09-01T10:08:01","guid":{"rendered":"https:\/\/encrenous.fr\/?page_id=1728"},"modified":"2026-09-01T18:44:09","modified_gmt":"2026-09-01T16:44:09","slug":"correction-tous-types-decrits","status":"publish","type":"page","link":"https:\/\/encrenous.fr\/index.php\/correction-tous-types-decrits\/","title":{"rendered":"Correction\u00a0tous types d&rsquo;\u00e9crits"},"content":{"rendered":"\n<p class=\"wp-block-paragraph\" style=\"line-height:1.6\">Vous avez r\u00e9dig\u00e9 un texte, courrier, m\u00e9moire, r\u00e9cit de vie ou manuscrit, et vous voulez \u00eatre s\u00fbr d&rsquo;envoyer ou pr\u00e9senter un \u00e9crit sans erreur : vous me le proposez \u00e0 la correction, je relis pour vous et rectifie grammaire, orthographe, vous questionne \u00e9ventuellement sur certaines syntaxes.<\/p>\n\n\n\n<h1 class=\"wp-block-heading has-medium-font-size\">Correction et relecture de tous types d&rsquo;\u00e9crits<\/h1>\n\n\n\n<p class=\"wp-block-paragraph\" style=\"line-height:1.6\">Vous voulez \u00eatre s\u00fbr de pr\u00e9senter un \u00e9crit impeccable, sans erreur de grammaire ni faute d\u2019orthographe, je vous propose d\u2019\u00eatre l\u2019\u0153il qui traque la coquille, la lettre manquante, la conjugaison erron\u00e9e.<\/p>\n\n\n\n<p class=\"wp-block-paragraph\">&#8211; En plus d\u2019\u00e9viter les erreurs de fran\u00e7ais, par&nbsp;des corrections grammaticales, orthographiques, syntaxiques,<\/p>\n\n\n\n<p class=\"wp-block-paragraph\">je vous propose&nbsp;de&nbsp;:<\/p>\n\n\n\n<p class=\"has-black-color has-text-color has-link-color wp-elements-cc93f2382842f802661ece37525a2c0f wp-block-paragraph\">1- pour les d<strong>ossier<\/strong><strong>s<\/strong><strong>\/m\u00e9moire<\/strong><strong>s\/&nbsp;<\/strong><strong>rapports de stage<a href=\"#sdfootnote1sym\" id=\"sdfootnote1anc\"><sup>1<\/sup><\/a><\/strong>:<\/p>\n\n\n\n<ul class=\"wp-block-list\">\n<li>v\u00e9rifier le respect des consignes (typographie, police, table des mati\u00e8res, annexe). Correction et mise \u00e0 jour des copier-coller (ex&nbsp;: P\u00f4le Emploi pour France Travail)<\/li>\n\n\n\n<li>Rendre un travail bien r\u00e9dig\u00e9 et coh\u00e9rent<\/li>\n<\/ul>\n\n\n\n<p class=\"wp-block-paragraph\">2- relire avec le recul n\u00e9cessaire pour la cr\u00e9dibilit\u00e9 requise de votre candidature (CV, dossier de sponsoring)<\/p>\n\n\n\n<p class=\"wp-block-paragraph\">3- pouvoir imprimer un document sans erreur, avec une mise en page adapt\u00e9e<\/p>\n\n\n\n<p class=\"has-black-color has-text-color has-link-color has-small-font-size wp-elements-9164957641391b8d6d06d1f7ca9eceb1 wp-block-paragraph\"><a href=\"#sdfootnote1anc\" id=\"sdfootnote1sym\">1<\/a>Th\u00e8se, m\u00e9moire&nbsp;rapport de stage&nbsp;:&nbsp;correction et reformulation seulement,&nbsp;pas d&rsquo;\u00e9criture, r\u00e8gle d\u00e9ontologique oblige<\/p>\n\n\n\n<h2 class=\"wp-block-heading has-medium-font-size\">Relecture<\/h2>\n\n\n\n<p class=\"has-black-color has-text-color has-link-color wp-elements-8d61774d8dc20324b898c8cfe3194122 wp-block-paragraph\">-&gt; Vous voulez produire un document coh\u00e9rent (d\u2019un chapitre \u00e0 l\u2019autre), je rep\u00e8re pour vous <\/p>\n\n\n\n<ul class=\"wp-block-list\">\n<li>les curiosit\u00e9s<\/li>\n\n\n\n<li>les doutes sur la chronologie<\/li>\n\n\n\n<li>les redites<\/li>\n\n\n\n<li>les ambigu\u00eft\u00e9s<\/li>\n<\/ul>\n\n\n\n<p class=\"wp-block-paragraph\">-&gt; Encre-Nous, un \u0153il nouveau et ext\u00e9rieur au sujet, permet d\u2019identifier les passages difficiles \u00e0 comprendre (syntaxe, grammaire, lien avec le paragraphe ou la phrase pr\u00e9c\u00e9dente),<\/p>\n\n\n\n<p class=\"wp-block-paragraph\">-&gt; La relecture permet aussi d&rsquo;\u00e9viter les contresens,<\/p>\n\n\n\n<p class=\"wp-block-paragraph\">-&gt; d&rsquo;augmentez vos chances d\u2019obtenir un entretien suite \u00e0 une candidature,<\/p>\n\n\n\n<p class=\"wp-block-paragraph\">-&gt; d&rsquo;imprimez un livre bien travaill\u00e9 et r\u00e9ussi \u00e0 offrir \u00e0 votre famille, vos amis et relations<\/p>\n\n\n\n<figure class=\"wp-block-image aligncenter size-large is-resized\"><img loading=\"lazy\" decoding=\"async\" width=\"724\" height=\"1024\" src=\"https:\/\/encrenous.fr\/wp-content\/uploads\/2026\/07\/Recit-de-vie-deraciner-des-etres-trajectoire-724x1024.png\" alt=\"Correction d'un r\u00e9cit de vie, ajout de photos et mise en page\" class=\"wp-image-1771\" style=\"aspect-ratio:0.7070436828266986;width:469px;height:auto\" srcset=\"https:\/\/encrenous.fr\/wp-content\/uploads\/2026\/07\/Recit-de-vie-deraciner-des-etres-trajectoire-724x1024.png 724w, https:\/\/encrenous.fr\/wp-content\/uploads\/2026\/07\/Recit-de-vie-deraciner-des-etres-trajectoire-212x300.png 212w, https:\/\/encrenous.fr\/wp-content\/uploads\/2026\/07\/Recit-de-vie-deraciner-des-etres-trajectoire-768x1086.png 768w, https:\/\/encrenous.fr\/wp-content\/uploads\/2026\/07\/Recit-de-vie-deraciner-des-etres-trajectoire-1086x1536.png 1086w, https:\/\/encrenous.fr\/wp-content\/uploads\/2026\/07\/Recit-de-vie-deraciner-des-etres-trajectoire.png 1414w\" sizes=\"auto, (max-width: 724px) 100vw, 724px\" \/><figcaption class=\"wp-element-caption\">Correction d&rsquo;un r\u00e9cit de vie avec int\u00e9gration de photos et mise en page<\/figcaption><\/figure>\n\n\n\n<p class=\"wp-block-paragraph\">Vous avez des h\u00e9sitations sur des formulations, vous craignez des inexactitudes, vous redoutez des maladresses,&nbsp;<\/p>\n\n\n\n<p class=\"has-black-color has-text-color has-link-color wp-elements-7c54e58c65d9377075e18c08929cc2eb wp-block-paragraph\" style=\"line-height:1.6\"><a href=\"https:\/\/encrenous.fr\/index.php\/qui-suis-je\/\" target=\"_blank\" rel=\"noreferrer noopener\">J\u2019ai les comp\u00e9tences<\/a> pour relire puis reformuler si besoin est. Parce que rendre, envoyer, proposer un \u00e9crit avec des incoh\u00e9rences, une syntaxe approximative peut \u00eatre dommageable pour la compr\u00e9hension de votre message, pr\u00e9judiciable pour l&rsquo;obtention d&rsquo;un rendez-vous, nuisible \u00e0 un r\u00e9sultat favorable.<\/p>\n\n\n\n<p class=\"wp-block-paragraph\">N\u2019ayez plus de doutes sur vos contenus, mettez toutes les chances de votre c\u00f4t\u00e9.<\/p>\n\n\n\n<p class=\"wp-block-paragraph\"><strong>Ce qui para\u00eet simple pour l\u2019auteur ne l\u2019est pas forc\u00e9ment pour le lecteur.<\/strong><\/p>\n\n\n\n<h2 class=\"wp-block-heading\" style=\"font-size:24px\"><strong>Relecture, correction : foire aux questions <\/strong><\/h2>\n\n\n\n<h3 class=\"wp-block-heading has-medium-font-size\"><strong>Quels crit\u00e8res pour un devis ?<\/strong><\/h3>\n\n\n\n<p class=\"has-black-color has-text-color has-link-color wp-elements-18ca8e19f00e197927033785348ed956 wp-block-paragraph\" style=\"line-height:1.6\">Pour un manuscrit ou tapuscrit : vous me confiez une dizaine de pages&nbsp;;&nbsp;leur correction-relecture me permet de savoir combien de temps sera n\u00e9cessaire pour le travail demand\u00e9. Je vous propose alors un devis (selon mes <a href=\"https:\/\/encrenous.fr\/index.php\/tarifs-2\/\">tarifs<\/a>) avec un d\u00e9lai de rendu.<\/p>\n\n\n\n<h3 class=\"wp-block-heading has-medium-font-size\"><strong>Qu\u2019est-ce que je corrige et relis&nbsp;?<\/strong><\/h3>\n\n\n\n<h4 class=\"wp-block-heading has-medium-font-size\">Je retranscris et corrige vos textes<\/h4>\n\n\n\n<p class=\"wp-block-paragraph\" style=\"line-height:1.6\">Exemple : Ma vie d\u2019agriculteur en Savoie de 1941 \u00e0 2012, la vie dans un petit village des Bauges, entre Chamb\u00e9ry et Albertville&nbsp;: mon enfance et mon adolescence, l\u2019aide \u00e0 la ferme familiale avant sa reprise&nbsp;; l\u2019\u00e9volution de l\u2019exploitation, celle de l\u2019agriculture avec l\u2019augmentation de la vigne, l\u2019\u00e9volution de la m\u00e9canique avec l\u2019arriv\u00e9e du tracteur et autres engins agricoles&nbsp;; l\u2019arriv\u00e9e de l\u2019Europe, les grandes coop\u00e9ratives&nbsp;; l\u2019arr\u00eat de la production laiti\u00e8re&nbsp;; ma vie familiale, mes rencontres et loisirs, notre mariage et les naissances, le d\u00e9part de ceux qu\u2019on aime, la joie de voir grandir ses enfants&#8230;<\/p>\n\n\n\n<figure class=\"wp-block-image aligncenter size-large\"><img loading=\"lazy\" decoding=\"async\" width=\"724\" height=\"1024\" src=\"https:\/\/encrenous.fr\/wp-content\/uploads\/2026\/07\/Le-bonheur-de-me-souvenir-724x1024.jpg\" alt=\"Transmettre son histoire \u00e0 ses descendants\" class=\"wp-image-1799\" srcset=\"https:\/\/encrenous.fr\/wp-content\/uploads\/2026\/07\/Le-bonheur-de-me-souvenir-724x1024.jpg 724w, https:\/\/encrenous.fr\/wp-content\/uploads\/2026\/07\/Le-bonheur-de-me-souvenir-212x300.jpg 212w, https:\/\/encrenous.fr\/wp-content\/uploads\/2026\/07\/Le-bonheur-de-me-souvenir-768x1086.jpg 768w, https:\/\/encrenous.fr\/wp-content\/uploads\/2026\/07\/Le-bonheur-de-me-souvenir-1086x1536.jpg 1086w, https:\/\/encrenous.fr\/wp-content\/uploads\/2026\/07\/Le-bonheur-de-me-souvenir.jpg 1414w\" sizes=\"auto, (max-width: 724px) 100vw, 724px\" \/><\/figure>\n\n\n\n<p class=\"wp-block-paragraph\" style=\"line-height:1.6\">Le client a pu offrir \u00e0 ses fr\u00e8res, ses enfants et petits-enfants un livre agr\u00e9ment\u00e9 de ses photos de mariage, famille, maison, tracteur&#8230; Chacun lira \u00e0 son rythme et pourra feuilleter ces pages de leur histoire et origines communes.<\/p>\n\n\n\n<h4 class=\"wp-block-heading has-medium-font-size\">Je corrige et relis des dossiers existants<\/h4>\n\n\n\n<h3 class=\"wp-block-heading has-medium-font-size\"><strong>Exemple d\u2019\u00e9crits relus et corrig\u00e9s<\/strong><\/h3>\n\n\n\n<h4 class=\"wp-block-heading has-medium-font-size\"><strong>&#8211;<\/strong>&nbsp;Livre de nouvelles<\/h4>\n\n\n\n<figure class=\"wp-block-image aligncenter size-full is-resized\"><img loading=\"lazy\" decoding=\"async\" width=\"940\" height=\"788\" src=\"https:\/\/encrenous.fr\/wp-content\/uploads\/2026\/07\/Nouvelles-Martine-Duchene.jpg\" alt=\"R\u00e9vision d'un texte avant \u00e9dition\" class=\"wp-image-1801\" style=\"aspect-ratio:1.192933302202506;width:464px;height:auto\" srcset=\"https:\/\/encrenous.fr\/wp-content\/uploads\/2026\/07\/Nouvelles-Martine-Duchene.jpg 940w, https:\/\/encrenous.fr\/wp-content\/uploads\/2026\/07\/Nouvelles-Martine-Duchene-300x251.jpg 300w, https:\/\/encrenous.fr\/wp-content\/uploads\/2026\/07\/Nouvelles-Martine-Duchene-768x644.jpg 768w\" sizes=\"auto, (max-width: 940px) 100vw, 940px\" \/><\/figure>\n\n\n\n<p class=\"wp-block-paragraph\">Martine a \u00e9crit ses six nouvelles, puis elle m&rsquo;a demand\u00e9 de les relire : pour \u00e9viter toute erreur de grammaire, d&rsquo;orthographe et de syntaxe, mais aussi pour avoir un regard ext\u00e9rieur. Cette relecture lui a permis d&rsquo;envoyer \u00e0 l&rsquo;impression un manuscrit clair, avec des liens compr\u00e9hensibles entre chaque paragraphe et chapitre, sans risque d&rsquo;ambigu\u00eft\u00e9.<\/p>\n\n\n\n<h3 class=\"wp-block-heading has-text-align-center has-text-color has-link-color wp-elements-43df560d264290cf80d1040c8a4db478\" style=\"color:#339966\">T\u00e9moignage<\/h3>\n\n\n\n<p class=\"has-text-align-center has-text-color has-link-color wp-elements-0d6930b3868fd57f0d1adeb2dd7b55b3 wp-block-paragraph\" style=\"color:#339966\">\u00ab\u00a0Je suis en immense gratitude envers Agn\u00e8s pour son travail de relecture pr\u00e9cis et pertinent, son aide \u00e0 la mise en page et son soutien jusqu&rsquo;\u00e0 la parution de mes 2 livres de nouvelles en novembre 2024.<br><br>Faites appel \u00e0 Agn\u00e8s Rivi\u00e8re pour vos r\u00e9cits de vie, vos nouvelles ou autres rapports de stages, m\u00e9moires, roman, c&rsquo;est vraiment une personne de confiance.\u00a0\u00bb<br>Martine Duch\u00eane<\/p>\n\n\n\n<h4 class=\"wp-block-heading\">&#8211; Livre jeunesse (avec int\u00e9gration d\u2019illustrations)<\/h4>\n\n\n\n<figure class=\"wp-block-image aligncenter size-large is-resized\"><img loading=\"lazy\" decoding=\"async\" width=\"798\" height=\"1024\" src=\"https:\/\/encrenous.fr\/wp-content\/uploads\/2026\/07\/Illustration-recit-jeunesse-Martine-Duchene-798x1024.png\" alt=\"Ajout d'une illustration et mise en page d'un r\u00e9cit jeunesse\" class=\"wp-image-1936\" style=\"width:675px\" srcset=\"https:\/\/encrenous.fr\/wp-content\/uploads\/2026\/07\/Illustration-recit-jeunesse-Martine-Duchene-798x1024.png 798w, https:\/\/encrenous.fr\/wp-content\/uploads\/2026\/07\/Illustration-recit-jeunesse-Martine-Duchene-234x300.png 234w, https:\/\/encrenous.fr\/wp-content\/uploads\/2026\/07\/Illustration-recit-jeunesse-Martine-Duchene-768x986.png 768w, https:\/\/encrenous.fr\/wp-content\/uploads\/2026\/07\/Illustration-recit-jeunesse-Martine-Duchene.png 1128w\" sizes=\"auto, (max-width: 798px) 100vw, 798px\" \/><figcaption class=\"wp-element-caption\">Int\u00e9gration d&rsquo;une illustration au texte &#8211; illustration et texte propri\u00e9t\u00e9 de Martine Duch\u00eane  avec son aimable autorisation &#8211;<\/figcaption><\/figure>\n\n\n\n<h4 class=\"wp-block-heading\">&#8211; Un livre issu du travail de lyc\u00e9ens et d&rsquo;agriculteurs \u00e0 la retraite<\/h4>\n\n\n\n<p class=\"wp-block-paragraph\">Quand des jeunes d\u2019un lyc\u00e9e agricoles rencontrent des agriculteurs retrait\u00e9s et les interviewent sur leur v\u00e9cu, leurs difficult\u00e9s, leurs r\u00e9ussites, leurs espoirs.<\/p>\n\n\n\n<figure class=\"wp-block-image aligncenter size-large is-resized\"><img loading=\"lazy\" decoding=\"async\" width=\"724\" height=\"1024\" src=\"https:\/\/encrenous.fr\/wp-content\/uploads\/2026\/07\/Moments-de-vie-agricole-724x1024.jpg\" alt=\"Relecture et correction du travail de lyc\u00e9ens avec des agriculteurs retrait\u00e9s\" class=\"wp-image-1805\" style=\"aspect-ratio:0.7070436828266986;width:463px;height:auto\" srcset=\"https:\/\/encrenous.fr\/wp-content\/uploads\/2026\/07\/Moments-de-vie-agricole-724x1024.jpg 724w, https:\/\/encrenous.fr\/wp-content\/uploads\/2026\/07\/Moments-de-vie-agricole-212x300.jpg 212w, https:\/\/encrenous.fr\/wp-content\/uploads\/2026\/07\/Moments-de-vie-agricole-768x1086.jpg 768w, https:\/\/encrenous.fr\/wp-content\/uploads\/2026\/07\/Moments-de-vie-agricole-1086x1536.jpg 1086w, https:\/\/encrenous.fr\/wp-content\/uploads\/2026\/07\/Moments-de-vie-agricole.jpg 1414w\" sizes=\"auto, (max-width: 724px) 100vw, 724px\" \/><\/figure>\n\n\n\n<h4 class=\"wp-block-heading\">&#8211; R\u00e9cit de vie <\/h4>\n\n\n\n<p class=\"wp-block-paragraph\">une trajectoire, d\u2019une rive \u00e0 l\u2019autre de la M\u00e9diterran\u00e9e, avec int\u00e9gration de photos : Brigitte, jeune retrait\u00e9e, tenait \u00e0 expliquer son parcours et sa mani\u00e8re d&rsquo;agir, ou de r\u00e9agir, \u00e0 ses enfants. Pour qu&rsquo;ils comprennent leur m\u00e8re, leur famille au sens large, les relations familiales.<\/p>\n\n\n\n<p class=\"wp-block-paragraph\">Brigitte m&rsquo;a confi\u00e9 son manuscrit pour relecture, ajout de photo et mise en page. Apr\u00e8s quelques allers-retours du texte entre nous, celui-ci a pu partir \u00e0 l&rsquo;\u00e9dition. Comme toujours, le dernier mot est revenu \u00e0 l&rsquo;auteur.<\/p>\n\n\n\n<h4 class=\"wp-block-heading\">&#8211; Dossier de m\u00e9moire, VAE <\/h4>\n\n\n\n<ul class=\"wp-block-list\">\n<li>master 2 histoire, <\/li>\n\n\n\n<li>master 1 droit, <\/li>\n\n\n\n<li>\u00e9cole du web -m\u00e9moire d\u2019expertise- <\/li>\n\n\n\n<li>VAE d&rsquo;une professeure d&rsquo;anglais ind\u00e9pendante qui voulait faire reconna\u00eetre son expertise en bilan de comp\u00e9tences.<\/li>\n<\/ul>\n\n\n\n<h4 class=\"wp-block-heading\" style=\"font-size:16px\">&#8211; Correction de magazine<\/h4>\n\n\n\n<p class=\"wp-block-paragraph\" style=\"line-height:1.6\">Relecture d\u2019une quinzaine d\u2019articles autour du bien-\u00eatre, de l\u2019\u00e9cologie, de la nourriture bio, du rapport \u00e0 la nature et aux animaux,&nbsp;\u00ab\u00a0100&nbsp;% Bien-\u00catre &#8211; D\u00e9veloppement personnel &#8211; 100&nbsp;% pays de Savoie\u00a0\u00bb<\/p>\n\n\n\n<p class=\"wp-block-paragraph\">Avec proposition de reformulations pour une compr\u00e9hension plus facile, des liens plus clairs entre certains \u00e9l\u00e9ments, en respectant le style et la pens\u00e9e des auteurs, comme toujours.<\/p>\n\n\n\n<div class=\"wp-block-buttons is-layout-flex wp-block-buttons-is-layout-flex\">\n<div class=\"wp-block-button\"><a class=\"wp-block-button__link has-background wp-element-button\" href=\"https:\/\/encrenous.fr\/index.php\/contact\/\" style=\"background-color:#339966\" target=\"_blank\" rel=\"noreferrer noopener\">Contact Encre-Nous <\/a><\/div>\n<\/div>\n","protected":false},"excerpt":{"rendered":"<p>Vous avez r\u00e9dig\u00e9 un texte, courrier, m\u00e9moire, r\u00e9cit de vie ou manuscrit, et vous voulez \u00eatre s\u00fbr d&rsquo;envoyer ou pr\u00e9senter un \u00e9crit sans erreur : vous me le proposez \u00e0 la correction, je relis pour vous et rectifie grammaire, orthographe, vous questionne \u00e9ventuellement sur certaines syntaxes. Correction et relecture de tous types d&rsquo;\u00e9crits Vous voulez [&hellip;]<\/p>\n","protected":false},"author":1,"featured_media":1756,"parent":0,"menu_order":0,"comment_status":"closed","ping_status":"closed","template":"","meta":{"footnotes":""},"class_list":["post-1728","page","type-page","status-publish","has-post-thumbnail","hentry"],"yoast_head":"<!-- This site is optimized with the Yoast SEO plugin v28.4 - https:\/\/yoast.com\/product\/yoast-seo-wordpress\/ -->\n<title>Correction tous types d&#039;\u00e9crits<\/title>\n<meta name=\"description\" content=\"Vous voulez un texte r\u00e9dig\u00e9 sans erreur? je corrige vos \u00e9crits, travaux \u00e9tudiant (m\u00e9moire, th\u00e8se, rapport de stage), manuscrit, courrier...\" \/>\n<meta name=\"robots\" content=\"index, follow, max-snippet:-1, max-image-preview:large, max-video-preview:-1\" \/>\n<link rel=\"canonical\" href=\"https:\/\/encrenous.fr\/index.php\/correction-tous-types-decrits\/\" \/>\n<meta property=\"og:locale\" content=\"fr_FR\" \/>\n<meta property=\"og:type\" content=\"article\" \/>\n<meta property=\"og:title\" content=\"Correction tous types d&#039;\u00e9crits\" \/>\n<meta property=\"og:description\" content=\"Vous voulez un texte r\u00e9dig\u00e9 sans erreur? je corrige vos \u00e9crits, travaux \u00e9tudiant (m\u00e9moire, th\u00e8se, rapport de stage), manuscrit, courrier...\" \/>\n<meta property=\"og:url\" content=\"https:\/\/encrenous.fr\/index.php\/correction-tous-types-decrits\/\" \/>\n<meta property=\"og:site_name\" content=\"Encre-nous\" \/>\n<meta property=\"article:publisher\" content=\"https:\/\/www.facebook.com\/Encrenous.ecrivainpublic\" \/>\n<meta property=\"article:modified_time\" content=\"2026-09-01T16:44:09+00:00\" \/>\n<meta property=\"og:image\" content=\"https:\/\/encrenous.fr\/wp-content\/uploads\/2026\/07\/Correction-de-memoire-et-these.jpeg\" \/>\n\t<meta property=\"og:image:width\" content=\"1280\" \/>\n\t<meta property=\"og:image:height\" content=\"853\" \/>\n\t<meta property=\"og:image:type\" content=\"image\/jpeg\" \/>\n<meta name=\"twitter:card\" content=\"summary_large_image\" \/>\n<meta name=\"twitter:label1\" content=\"Dur\u00e9e de lecture estim\u00e9e\" \/>\n\t<meta name=\"twitter:data1\" content=\"6 minutes\" \/>\n<script type=\"application\/ld+json\" class=\"yoast-schema-graph\">{\"@context\":\"https:\\\/\\\/schema.org\",\"@graph\":[{\"@type\":\"WebPage\",\"@id\":\"https:\\\/\\\/encrenous.fr\\\/index.php\\\/correction-tous-types-decrits\\\/\",\"url\":\"https:\\\/\\\/encrenous.fr\\\/index.php\\\/correction-tous-types-decrits\\\/\",\"name\":\"Correction tous types d'\u00e9crits\",\"isPartOf\":{\"@id\":\"https:\\\/\\\/encrenous.fr\\\/#website\"},\"primaryImageOfPage\":{\"@id\":\"https:\\\/\\\/encrenous.fr\\\/index.php\\\/correction-tous-types-decrits\\\/#primaryimage\"},\"image\":{\"@id\":\"https:\\\/\\\/encrenous.fr\\\/index.php\\\/correction-tous-types-decrits\\\/#primaryimage\"},\"thumbnailUrl\":\"https:\\\/\\\/encrenous.fr\\\/wp-content\\\/uploads\\\/2026\\\/07\\\/Correction-de-memoire-et-these.jpeg\",\"datePublished\":\"2026-09-01T10:08:01+00:00\",\"dateModified\":\"2026-09-01T16:44:09+00:00\",\"description\":\"Vous voulez un texte r\u00e9dig\u00e9 sans erreur? je corrige vos \u00e9crits, travaux \u00e9tudiant (m\u00e9moire, th\u00e8se, rapport de stage), manuscrit, courrier...\",\"breadcrumb\":{\"@id\":\"https:\\\/\\\/encrenous.fr\\\/index.php\\\/correction-tous-types-decrits\\\/#breadcrumb\"},\"inLanguage\":\"fr-FR\",\"potentialAction\":[{\"@type\":\"ReadAction\",\"target\":[\"https:\\\/\\\/encrenous.fr\\\/index.php\\\/correction-tous-types-decrits\\\/\"]}]},{\"@type\":\"ImageObject\",\"inLanguage\":\"fr-FR\",\"@id\":\"https:\\\/\\\/encrenous.fr\\\/index.php\\\/correction-tous-types-decrits\\\/#primaryimage\",\"url\":\"https:\\\/\\\/encrenous.fr\\\/wp-content\\\/uploads\\\/2026\\\/07\\\/Correction-de-memoire-et-these.jpeg\",\"contentUrl\":\"https:\\\/\\\/encrenous.fr\\\/wp-content\\\/uploads\\\/2026\\\/07\\\/Correction-de-memoire-et-these.jpeg\",\"width\":1280,\"height\":853},{\"@type\":\"BreadcrumbList\",\"@id\":\"https:\\\/\\\/encrenous.fr\\\/index.php\\\/correction-tous-types-decrits\\\/#breadcrumb\",\"itemListElement\":[{\"@type\":\"ListItem\",\"position\":1,\"name\":\"Accueil\",\"item\":\"https:\\\/\\\/encrenous.fr\\\/\"},{\"@type\":\"ListItem\",\"position\":2,\"name\":\"Correction\u00a0tous types d&rsquo;\u00e9crits\"}]},{\"@type\":\"WebSite\",\"@id\":\"https:\\\/\\\/encrenous.fr\\\/#website\",\"url\":\"https:\\\/\\\/encrenous.fr\\\/\",\"name\":\"Encre-nous\",\"description\":\"\u00e9crivain public\",\"publisher\":{\"@id\":\"https:\\\/\\\/encrenous.fr\\\/#organization\"},\"alternateName\":\"\u00e9crivain public Chamb\u00e9ry Savoie\",\"potentialAction\":[{\"@type\":\"SearchAction\",\"target\":{\"@type\":\"EntryPoint\",\"urlTemplate\":\"https:\\\/\\\/encrenous.fr\\\/?s={search_term_string}\"},\"query-input\":{\"@type\":\"PropertyValueSpecification\",\"valueRequired\":true,\"valueName\":\"search_term_string\"}}],\"inLanguage\":\"fr-FR\"},{\"@type\":\"Organization\",\"@id\":\"https:\\\/\\\/encrenous.fr\\\/#organization\",\"name\":\"Encre-nous\",\"url\":\"https:\\\/\\\/encrenous.fr\\\/\",\"logo\":{\"@type\":\"ImageObject\",\"inLanguage\":\"fr-FR\",\"@id\":\"https:\\\/\\\/encrenous.fr\\\/#\\\/schema\\\/logo\\\/image\\\/\",\"url\":\"https:\\\/\\\/encrenous.fr\\\/wp-content\\\/uploads\\\/2020\\\/01\\\/Profil.jpg\",\"contentUrl\":\"https:\\\/\\\/encrenous.fr\\\/wp-content\\\/uploads\\\/2020\\\/01\\\/Profil.jpg\",\"width\":314,\"height\":315,\"caption\":\"Encre-nous\"},\"image\":{\"@id\":\"https:\\\/\\\/encrenous.fr\\\/#\\\/schema\\\/logo\\\/image\\\/\"},\"sameAs\":[\"https:\\\/\\\/www.facebook.com\\\/Encrenous.ecrivainpublic\",\"https:\\\/\\\/www.linkedin.com\\\/in\\\/agn\u00e8s-rivi\u00e8re-69307bb8\\\/\",\"https:\\\/\\\/www.instagram.com\\\/agnes73riviere\"]}]}<\/script>\n<!-- \/ Yoast SEO plugin. -->","yoast_head_json":{"title":"Correction tous types d'\u00e9crits","description":"Vous voulez un texte r\u00e9dig\u00e9 sans erreur? je corrige vos \u00e9crits, travaux \u00e9tudiant (m\u00e9moire, th\u00e8se, rapport de stage), manuscrit, courrier...","robots":{"index":"index","follow":"follow","max-snippet":"max-snippet:-1","max-image-preview":"max-image-preview:large","max-video-preview":"max-video-preview:-1"},"canonical":"https:\/\/encrenous.fr\/index.php\/correction-tous-types-decrits\/","og_locale":"fr_FR","og_type":"article","og_title":"Correction tous types d'\u00e9crits","og_description":"Vous voulez un texte r\u00e9dig\u00e9 sans erreur? je corrige vos \u00e9crits, travaux \u00e9tudiant (m\u00e9moire, th\u00e8se, rapport de stage), manuscrit, courrier...","og_url":"https:\/\/encrenous.fr\/index.php\/correction-tous-types-decrits\/","og_site_name":"Encre-nous","article_publisher":"https:\/\/www.facebook.com\/Encrenous.ecrivainpublic","article_modified_time":"2026-09-01T16:44:09+00:00","og_image":[{"width":1280,"height":853,"url":"https:\/\/encrenous.fr\/wp-content\/uploads\/2026\/07\/Correction-de-memoire-et-these.jpeg","type":"image\/jpeg"}],"twitter_card":"summary_large_image","twitter_misc":{"Dur\u00e9e de lecture estim\u00e9e":"6 minutes"},"schema":{"@context":"https:\/\/schema.org","@graph":[{"@type":"WebPage","@id":"https:\/\/encrenous.fr\/index.php\/correction-tous-types-decrits\/","url":"https:\/\/encrenous.fr\/index.php\/correction-tous-types-decrits\/","name":"Correction tous types d'\u00e9crits","isPartOf":{"@id":"https:\/\/encrenous.fr\/#website"},"primaryImageOfPage":{"@id":"https:\/\/encrenous.fr\/index.php\/correction-tous-types-decrits\/#primaryimage"},"image":{"@id":"https:\/\/encrenous.fr\/index.php\/correction-tous-types-decrits\/#primaryimage"},"thumbnailUrl":"https:\/\/encrenous.fr\/wp-content\/uploads\/2026\/07\/Correction-de-memoire-et-these.jpeg","datePublished":"2026-09-01T10:08:01+00:00","dateModified":"2026-09-01T16:44:09+00:00","description":"Vous voulez un texte r\u00e9dig\u00e9 sans erreur? je corrige vos \u00e9crits, travaux \u00e9tudiant (m\u00e9moire, th\u00e8se, rapport de stage), manuscrit, courrier...","breadcrumb":{"@id":"https:\/\/encrenous.fr\/index.php\/correction-tous-types-decrits\/#breadcrumb"},"inLanguage":"fr-FR","potentialAction":[{"@type":"ReadAction","target":["https:\/\/encrenous.fr\/index.php\/correction-tous-types-decrits\/"]}]},{"@type":"ImageObject","inLanguage":"fr-FR","@id":"https:\/\/encrenous.fr\/index.php\/correction-tous-types-decrits\/#primaryimage","url":"https:\/\/encrenous.fr\/wp-content\/uploads\/2026\/07\/Correction-de-memoire-et-these.jpeg","contentUrl":"https:\/\/encrenous.fr\/wp-content\/uploads\/2026\/07\/Correction-de-memoire-et-these.jpeg","width":1280,"height":853},{"@type":"BreadcrumbList","@id":"https:\/\/encrenous.fr\/index.php\/correction-tous-types-decrits\/#breadcrumb","itemListElement":[{"@type":"ListItem","position":1,"name":"Accueil","item":"https:\/\/encrenous.fr\/"},{"@type":"ListItem","position":2,"name":"Correction\u00a0tous types d&rsquo;\u00e9crits"}]},{"@type":"WebSite","@id":"https:\/\/encrenous.fr\/#website","url":"https:\/\/encrenous.fr\/","name":"Encre-nous","description":"\u00e9crivain public","publisher":{"@id":"https:\/\/encrenous.fr\/#organization"},"alternateName":"\u00e9crivain public Chamb\u00e9ry Savoie","potentialAction":[{"@type":"SearchAction","target":{"@type":"EntryPoint","urlTemplate":"https:\/\/encrenous.fr\/?s={search_term_string}"},"query-input":{"@type":"PropertyValueSpecification","valueRequired":true,"valueName":"search_term_string"}}],"inLanguage":"fr-FR"},{"@type":"Organization","@id":"https:\/\/encrenous.fr\/#organization","name":"Encre-nous","url":"https:\/\/encrenous.fr\/","logo":{"@type":"ImageObject","inLanguage":"fr-FR","@id":"https:\/\/encrenous.fr\/#\/schema\/logo\/image\/","url":"https:\/\/encrenous.fr\/wp-content\/uploads\/2020\/01\/Profil.jpg","contentUrl":"https:\/\/encrenous.fr\/wp-content\/uploads\/2020\/01\/Profil.jpg","width":314,"height":315,"caption":"Encre-nous"},"image":{"@id":"https:\/\/encrenous.fr\/#\/schema\/logo\/image\/"},"sameAs":["https:\/\/www.facebook.com\/Encrenous.ecrivainpublic","https:\/\/www.linkedin.com\/in\/agn\u00e8s-rivi\u00e8re-69307bb8\/","https:\/\/www.instagram.com\/agnes73riviere"]}]}},"_links":{"self":[{"href":"https:\/\/encrenous.fr\/index.php\/wp-json\/wp\/v2\/pages\/1728","targetHints":{"allow":["GET"]}}],"collection":[{"href":"https:\/\/encrenous.fr\/index.php\/wp-json\/wp\/v2\/pages"}],"about":[{"href":"https:\/\/encrenous.fr\/index.php\/wp-json\/wp\/v2\/types\/page"}],"author":[{"embeddable":true,"href":"https:\/\/encrenous.fr\/index.php\/wp-json\/wp\/v2\/users\/1"}],"replies":[{"embeddable":true,"href":"https:\/\/encrenous.fr\/index.php\/wp-json\/wp\/v2\/comments?post=1728"}],"version-history":[{"count":43,"href":"https:\/\/encrenous.fr\/index.php\/wp-json\/wp\/v2\/pages\/1728\/revisions"}],"predecessor-version":[{"id":2231,"href":"https:\/\/encrenous.fr\/index.php\/wp-json\/wp\/v2\/pages\/1728\/revisions\/2231"}],"wp:featuredmedia":[{"embeddable":true,"href":"https:\/\/encrenous.fr\/index.php\/wp-json\/wp\/v2\/media\/1756"}],"wp:attachment":[{"href":"https:\/\/encrenous.fr\/index.php\/wp-json\/wp\/v2\/media?parent=1728"}],"curies":[{"name":"wp","href":"https:\/\/api.w.org\/{rel}","templated":true}]}}