{"id":1842,"date":"2026-09-01T12:07:23","date_gmt":"2026-09-01T10:07:23","guid":{"rendered":"https:\/\/encrenous.fr\/?page_id=1842"},"modified":"2026-09-01T18:21:31","modified_gmt":"2026-09-01T16:21:31","slug":"redaction-tous-types-decrits-du-courrier-au-recit","status":"publish","type":"page","link":"https:\/\/encrenous.fr\/index.php\/redaction-tous-types-decrits-du-courrier-au-recit\/","title":{"rendered":"R\u00e9daction tous types d&rsquo;\u00e9crits : du courrier au r\u00e9cit"},"content":{"rendered":"\n<p class=\"wp-block-paragraph\">Vous courez apr\u00e8s le temps, vous n\u2019\u00eates pas \u00e0 l\u2019aise avec l\u2019\u00e9crit, je mets ma plume \u00e0 votre service pour transmettre votre message, exprimer ce qui vous tient \u00e0 c\u0153ur.<\/p>\n\n\n\n<p class=\"has-black-color has-text-color has-link-color wp-elements-2c3434831fa261efe8b8e03393fbb695 wp-block-paragraph\">Pour un contenu web, un courrier\u00a0(administratif ou personnel), un flyer, un texte web, un discours, un <a href=\"https:\/\/encrenous.fr\/index.php\/un-recit-de-vie-pourquoi\/\" target=\"_blank\" rel=\"noreferrer noopener\">r\u00e9cit de vie<\/a>, de voyage, imaginaire,\u00a0un <a href=\"https:\/\/encrenous.fr\/index.php\/redaction-de-compte-rendu\/\" target=\"_blank\" rel=\"noreferrer noopener\">compte-rendu<\/a>.<\/p>\n\n\n\n<p class=\"wp-block-paragraph\">Pour communiquer avec un professionnel, un particulier, un proche.<\/p>\n\n\n\n<h2 class=\"wp-block-heading has-medium-font-size\">D\u00e9l\u00e9guer la r\u00e9daction de vos \u00e9crits vous permet de<\/h2>\n\n\n\n<ul class=\"wp-block-list\">\n<li>Gagner du temps<\/li>\n<\/ul>\n\n\n\n<ul class=\"wp-block-list\">\n<li>Gagner de la confiance avec un texte \u00e9crit correctement, tout en respectant votre pens\u00e9e et votre style<\/li>\n<\/ul>\n\n\n\n<ul class=\"wp-block-list\">\n<li>D\u00e9l\u00e9guer une t\u00e2che chronophage quand votre \u00e9quipe est d\u00e9bord\u00e9e (dossier de partenariat, dossier de demande de subvention)<\/li>\n<\/ul>\n\n\n\n<ul class=\"wp-block-list\">\n<li>Donner un discours impactant, porteur de sens, fid\u00e8le \u00e0 votre pens\u00e9e<\/li>\n<\/ul>\n\n\n\n<h2 class=\"wp-block-heading has-medium-font-size\">Tous types d&rsquo;\u00e9crits :<\/h2>\n\n\n\n<h3 class=\"wp-block-heading\" style=\"font-size:15px\">R\u00e9cit de vie&nbsp;:<\/h3>\n\n\n\n<ul class=\"wp-block-list\">\n<li>pour transmettre et t\u00e9moigner<\/li>\n<\/ul>\n\n\n\n<figure class=\"wp-block-image aligncenter size-full is-resized\"><img loading=\"lazy\" decoding=\"async\" width=\"1414\" height=\"2000\" src=\"https:\/\/encrenous.fr\/wp-content\/uploads\/2026\/07\/Memoire-Henri-denfant-cache-a-grand-pere.png\" alt=\"Transmettre son histoire\" class=\"wp-image-1963\" style=\"width:auto;height:600px\" srcset=\"https:\/\/encrenous.fr\/wp-content\/uploads\/2026\/07\/Memoire-Henri-denfant-cache-a-grand-pere.png 1414w, https:\/\/encrenous.fr\/wp-content\/uploads\/2026\/07\/Memoire-Henri-denfant-cache-a-grand-pere-212x300.png 212w, https:\/\/encrenous.fr\/wp-content\/uploads\/2026\/07\/Memoire-Henri-denfant-cache-a-grand-pere-724x1024.png 724w, https:\/\/encrenous.fr\/wp-content\/uploads\/2026\/07\/Memoire-Henri-denfant-cache-a-grand-pere-768x1086.png 768w, https:\/\/encrenous.fr\/wp-content\/uploads\/2026\/07\/Memoire-Henri-denfant-cache-a-grand-pere-1086x1536.png 1086w\" sizes=\"auto, (max-width: 1414px) 100vw, 1414px\" \/><\/figure>\n\n\n\n<h3 class=\"wp-block-heading\" style=\"font-size:15px\">Courrier :<\/h3>\n\n\n\n<ul class=\"wp-block-list\">\n<li>professionnel (\u00e0 votre employeur, \u00e0 un fournisseur)<\/li>\n<\/ul>\n\n\n\n<ul class=\"wp-block-list\">\n<li>personnel (pour remercier, donner des nouvelles, envoyer un po\u00e8me)<\/li>\n<\/ul>\n\n\n\n<ul class=\"wp-block-list\">\n<li>administratif<\/li>\n<\/ul>\n\n\n\n<h3 class=\"wp-block-heading\" style=\"font-size:15px\">Compte-rendu :<\/h3>\n\n\n\n<ul class=\"wp-block-list\">\n<li>R\u00e9daction de compte-rendu de conf\u00e9rence<\/li>\n<\/ul>\n\n\n\n<ul class=\"wp-block-list\">\n<li>de r\u00e9union<\/li>\n<\/ul>\n\n\n\n<figure class=\"wp-block-image aligncenter size-full is-resized\"><img loading=\"lazy\" decoding=\"async\" width=\"714\" height=\"901\" src=\"https:\/\/encrenous.fr\/wp-content\/uploads\/2026\/07\/Redaction-dun-compte-rendu.png\" alt=\"compte-rendu de conf\u00e9rence\" class=\"wp-image-1764\" style=\"width:auto;height:490px\" srcset=\"https:\/\/encrenous.fr\/wp-content\/uploads\/2026\/07\/Redaction-dun-compte-rendu.png 714w, https:\/\/encrenous.fr\/wp-content\/uploads\/2026\/07\/Redaction-dun-compte-rendu-238x300.png 238w\" sizes=\"auto, (max-width: 714px) 100vw, 714px\" \/><\/figure>\n\n\n\n<h3 class=\"wp-block-heading\" style=\"font-size:15px\">Pr\u00e9sentation personnelle : <\/h3>\n\n\n\n<ul class=\"wp-block-list\">\n<li>pour faire conna\u00eetre votre parcours, vos valeurs, vos objectifs, vos atouts<\/li>\n<\/ul>\n\n\n\n<h3 class=\"wp-block-heading\" style=\"font-size:15px\">Discours d\u2019\u00e9v\u00e9nement<\/h3>\n\n\n\n<ul class=\"wp-block-list\">\n<li>pour prononcer un discours impactant<\/li>\n<\/ul>\n\n\n\n<h2 class=\"wp-block-heading has-medium-font-size\">R\u00e9daction : foire aux questions<\/h2>\n\n\n\n<h3 class=\"wp-block-heading\" style=\"font-size:16px\">Comment se passe la d\u00e9l\u00e9gation de mon \u00e9crit ?<\/h3>\n\n\n\n<ul class=\"wp-block-list\">\n<li>Lors d\u2019une rencontre, vous m\u2019exposez votre demande.<\/li>\n<\/ul>\n\n\n\n<ul class=\"wp-block-list\">\n<li>Nous nous mettons d\u2019accord sur les modalit\u00e9s de r\u00e9daction : une ou plusieurs s\u00e9ances durant lesquelles vous exprimez ce que vous voulez \u00e9crire,<\/li>\n<\/ul>\n\n\n\n<ul class=\"wp-block-list\">\n<li>Si besoin vous me confiez certains documents.<\/li>\n<\/ul>\n\n\n\n<ul class=\"wp-block-list\">\n<li>Pour la r\u00e9daction de compte-rendu de conf\u00e9rence et de r\u00e9union : vous participez sereinement \u00e0 votre conf\u00e9rence ou r\u00e9union, \u00e0 laquelle j&rsquo;assiste en toute discr\u00e9tion. J&rsquo;enregistre et prends des notes<\/li>\n<\/ul>\n\n\n\n<h3 class=\"wp-block-heading\" style=\"font-size:16px\">Quel d\u00e9lai pour avoir mon texte ?<\/h3>\n\n\n\n<ul class=\"wp-block-list\">\n<li>Le d\u00e9lai pour un courrier peut \u00eatre d&rsquo;une demi-journ\u00e9e si la demande est claire<\/li>\n<\/ul>\n\n\n\n<ul class=\"wp-block-list\">\n<li>Pour un compte-rendu d&rsquo;une r\u00e9union de deux heures, compter entre 2 et 4 jours<\/li>\n<\/ul>\n\n\n\n<h3 class=\"wp-block-heading\" style=\"font-size:16px\">Quel tarif ?<\/h3>\n\n\n\n<p class=\"has-black-color has-text-color has-link-color wp-elements-d3e7eb13912ec4aba92bc13e40b6d942 wp-block-paragraph\">Chaque travail est personnalis\u00e9, pour les travaux importants un devis personnalis\u00e9 est propos\u00e9. Voir les <a href=\"https:\/\/encrenous.fr\/index.php\/tarifs-2\/\">tarifs<\/a>.<\/p>\n\n\n\n<h3 class=\"wp-block-heading\" style=\"font-size:16px\">Quel rendu ? <\/h3>\n\n\n\n<ul class=\"wp-block-list\">\n<li>Le r\u00e9sultat peut \u00eatre un texte remis sur papier et\/ou transmis par web, avec ou sans photo et\/ou illustration<\/li>\n<\/ul>\n\n\n\n<ul class=\"wp-block-list\">\n<li>Vos pouvez d\u00e9l\u00e9guer l&rsquo;impression \u00e0 Encre-Nous, (courrier, compte-rendu, r\u00e9cit&#8230;), les frais d&rsquo;impression \u00e9tant en plus de la commande initiale.<\/li>\n<\/ul>\n\n\n\n<div style=\"height:11px\" aria-hidden=\"true\" class=\"wp-block-spacer\"><\/div>\n\n\n\n<div class=\"wp-block-buttons is-layout-flex wp-block-buttons-is-layout-flex\">\n<div class=\"wp-block-button\"><a class=\"wp-block-button__link has-background wp-element-button\" href=\"https:\/\/encrenous.fr\/index.php\/contact\/\" style=\"background-color:#339966\" target=\"_blank\" rel=\"noreferrer noopener\">Contact Encre-Nous<\/a><\/div>\n<\/div>\n\n\n\n<p class=\"wp-block-paragraph\"><\/p>\n","protected":false},"excerpt":{"rendered":"<p>Vous courez apr\u00e8s le temps, vous n\u2019\u00eates pas \u00e0 l\u2019aise avec l\u2019\u00e9crit, je mets ma plume \u00e0 votre service pour transmettre votre message, exprimer ce qui vous tient \u00e0 c\u0153ur. Pour un contenu web, un courrier\u00a0(administratif ou personnel), un flyer, un texte web, un discours, un r\u00e9cit de vie, de voyage, imaginaire,\u00a0un compte-rendu. Pour communiquer [&hellip;]<\/p>\n","protected":false},"author":1,"featured_media":1732,"parent":0,"menu_order":0,"comment_status":"closed","ping_status":"closed","template":"","meta":{"footnotes":""},"class_list":["post-1842","page","type-page","status-publish","has-post-thumbnail","hentry"],"yoast_head":"<!-- This site is optimized with the Yoast SEO plugin v28.4 - https:\/\/yoast.com\/product\/yoast-seo-wordpress\/ -->\n<title>R\u00e9daction tous types d&#039;\u00e9crits : du courrier au r\u00e9cit - Encre-nous<\/title>\n<meta name=\"description\" content=\"Vous avez besoin d&#039;un coup de plume pour r\u00e9diger un texte qui vous ressemble, vous manquez de temps, j&#039;\u00e9cris pour vous selon votre style\" \/>\n<meta name=\"robots\" content=\"index, follow, max-snippet:-1, max-image-preview:large, max-video-preview:-1\" \/>\n<link rel=\"canonical\" href=\"https:\/\/encrenous.fr\/index.php\/redaction-tous-types-decrits-du-courrier-au-recit\/\" \/>\n<meta property=\"og:locale\" content=\"fr_FR\" \/>\n<meta property=\"og:type\" content=\"article\" \/>\n<meta property=\"og:title\" content=\"R\u00e9daction tous types d&#039;\u00e9crits : du courrier au r\u00e9cit - Encre-nous\" \/>\n<meta property=\"og:description\" content=\"Vous avez besoin d&#039;un coup de plume pour r\u00e9diger un texte qui vous ressemble, vous manquez de temps, j&#039;\u00e9cris pour vous selon votre style\" \/>\n<meta property=\"og:url\" content=\"https:\/\/encrenous.fr\/index.php\/redaction-tous-types-decrits-du-courrier-au-recit\/\" \/>\n<meta property=\"og:site_name\" content=\"Encre-nous\" \/>\n<meta property=\"article:publisher\" content=\"https:\/\/www.facebook.com\/Encrenous.ecrivainpublic\" \/>\n<meta property=\"article:modified_time\" content=\"2026-09-01T16:21:31+00:00\" \/>\n<meta property=\"og:image\" content=\"https:\/\/encrenous.fr\/wp-content\/uploads\/2026\/07\/Agnes-Riviere-par-Angelique-Emonet.png\" \/>\n\t<meta property=\"og:image:width\" content=\"601\" \/>\n\t<meta property=\"og:image:height\" content=\"812\" \/>\n\t<meta property=\"og:image:type\" content=\"image\/png\" \/>\n<meta name=\"twitter:card\" content=\"summary_large_image\" \/>\n<meta name=\"twitter:label1\" content=\"Dur\u00e9e de lecture estim\u00e9e\" \/>\n\t<meta name=\"twitter:data1\" content=\"3 minutes\" \/>\n<script type=\"application\/ld+json\" class=\"yoast-schema-graph\">{\"@context\":\"https:\\\/\\\/schema.org\",\"@graph\":[{\"@type\":\"WebPage\",\"@id\":\"https:\\\/\\\/encrenous.fr\\\/index.php\\\/redaction-tous-types-decrits-du-courrier-au-recit\\\/\",\"url\":\"https:\\\/\\\/encrenous.fr\\\/index.php\\\/redaction-tous-types-decrits-du-courrier-au-recit\\\/\",\"name\":\"R\u00e9daction tous types d'\u00e9crits : du courrier au r\u00e9cit - Encre-nous\",\"isPartOf\":{\"@id\":\"https:\\\/\\\/encrenous.fr\\\/#website\"},\"primaryImageOfPage\":{\"@id\":\"https:\\\/\\\/encrenous.fr\\\/index.php\\\/redaction-tous-types-decrits-du-courrier-au-recit\\\/#primaryimage\"},\"image\":{\"@id\":\"https:\\\/\\\/encrenous.fr\\\/index.php\\\/redaction-tous-types-decrits-du-courrier-au-recit\\\/#primaryimage\"},\"thumbnailUrl\":\"https:\\\/\\\/encrenous.fr\\\/wp-content\\\/uploads\\\/2026\\\/07\\\/Agnes-Riviere-par-Angelique-Emonet.png\",\"datePublished\":\"2026-09-01T10:07:23+00:00\",\"dateModified\":\"2026-09-01T16:21:31+00:00\",\"description\":\"Vous avez besoin d'un coup de plume pour r\u00e9diger un texte qui vous ressemble, vous manquez de temps, j'\u00e9cris pour vous selon votre style\",\"breadcrumb\":{\"@id\":\"https:\\\/\\\/encrenous.fr\\\/index.php\\\/redaction-tous-types-decrits-du-courrier-au-recit\\\/#breadcrumb\"},\"inLanguage\":\"fr-FR\",\"potentialAction\":[{\"@type\":\"ReadAction\",\"target\":[\"https:\\\/\\\/encrenous.fr\\\/index.php\\\/redaction-tous-types-decrits-du-courrier-au-recit\\\/\"]}]},{\"@type\":\"ImageObject\",\"inLanguage\":\"fr-FR\",\"@id\":\"https:\\\/\\\/encrenous.fr\\\/index.php\\\/redaction-tous-types-decrits-du-courrier-au-recit\\\/#primaryimage\",\"url\":\"https:\\\/\\\/encrenous.fr\\\/wp-content\\\/uploads\\\/2026\\\/07\\\/Agnes-Riviere-par-Angelique-Emonet.png\",\"contentUrl\":\"https:\\\/\\\/encrenous.fr\\\/wp-content\\\/uploads\\\/2026\\\/07\\\/Agnes-Riviere-par-Angelique-Emonet.png\",\"width\":601,\"height\":812,\"caption\":\"Agn\u00e8s Rivi\u00e8re \u00e9crivain public - photo Ang\u00e9lique Emonet\"},{\"@type\":\"BreadcrumbList\",\"@id\":\"https:\\\/\\\/encrenous.fr\\\/index.php\\\/redaction-tous-types-decrits-du-courrier-au-recit\\\/#breadcrumb\",\"itemListElement\":[{\"@type\":\"ListItem\",\"position\":1,\"name\":\"Accueil\",\"item\":\"https:\\\/\\\/encrenous.fr\\\/\"},{\"@type\":\"ListItem\",\"position\":2,\"name\":\"R\u00e9daction tous types d&rsquo;\u00e9crits : du courrier au r\u00e9cit\"}]},{\"@type\":\"WebSite\",\"@id\":\"https:\\\/\\\/encrenous.fr\\\/#website\",\"url\":\"https:\\\/\\\/encrenous.fr\\\/\",\"name\":\"Encre-nous\",\"description\":\"\u00e9crivain public\",\"publisher\":{\"@id\":\"https:\\\/\\\/encrenous.fr\\\/#organization\"},\"alternateName\":\"\u00e9crivain public Chamb\u00e9ry Savoie\",\"potentialAction\":[{\"@type\":\"SearchAction\",\"target\":{\"@type\":\"EntryPoint\",\"urlTemplate\":\"https:\\\/\\\/encrenous.fr\\\/?s={search_term_string}\"},\"query-input\":{\"@type\":\"PropertyValueSpecification\",\"valueRequired\":true,\"valueName\":\"search_term_string\"}}],\"inLanguage\":\"fr-FR\"},{\"@type\":\"Organization\",\"@id\":\"https:\\\/\\\/encrenous.fr\\\/#organization\",\"name\":\"Encre-nous\",\"url\":\"https:\\\/\\\/encrenous.fr\\\/\",\"logo\":{\"@type\":\"ImageObject\",\"inLanguage\":\"fr-FR\",\"@id\":\"https:\\\/\\\/encrenous.fr\\\/#\\\/schema\\\/logo\\\/image\\\/\",\"url\":\"https:\\\/\\\/encrenous.fr\\\/wp-content\\\/uploads\\\/2020\\\/01\\\/Profil.jpg\",\"contentUrl\":\"https:\\\/\\\/encrenous.fr\\\/wp-content\\\/uploads\\\/2020\\\/01\\\/Profil.jpg\",\"width\":314,\"height\":315,\"caption\":\"Encre-nous\"},\"image\":{\"@id\":\"https:\\\/\\\/encrenous.fr\\\/#\\\/schema\\\/logo\\\/image\\\/\"},\"sameAs\":[\"https:\\\/\\\/www.facebook.com\\\/Encrenous.ecrivainpublic\",\"https:\\\/\\\/www.linkedin.com\\\/in\\\/agn\u00e8s-rivi\u00e8re-69307bb8\\\/\",\"https:\\\/\\\/www.instagram.com\\\/agnes73riviere\"]}]}<\/script>\n<!-- \/ Yoast SEO plugin. -->","yoast_head_json":{"title":"R\u00e9daction tous types d'\u00e9crits : du courrier au r\u00e9cit - Encre-nous","description":"Vous avez besoin d'un coup de plume pour r\u00e9diger un texte qui vous ressemble, vous manquez de temps, j'\u00e9cris pour vous selon votre style","robots":{"index":"index","follow":"follow","max-snippet":"max-snippet:-1","max-image-preview":"max-image-preview:large","max-video-preview":"max-video-preview:-1"},"canonical":"https:\/\/encrenous.fr\/index.php\/redaction-tous-types-decrits-du-courrier-au-recit\/","og_locale":"fr_FR","og_type":"article","og_title":"R\u00e9daction tous types d'\u00e9crits : du courrier au r\u00e9cit - Encre-nous","og_description":"Vous avez besoin d'un coup de plume pour r\u00e9diger un texte qui vous ressemble, vous manquez de temps, j'\u00e9cris pour vous selon votre style","og_url":"https:\/\/encrenous.fr\/index.php\/redaction-tous-types-decrits-du-courrier-au-recit\/","og_site_name":"Encre-nous","article_publisher":"https:\/\/www.facebook.com\/Encrenous.ecrivainpublic","article_modified_time":"2026-09-01T16:21:31+00:00","og_image":[{"width":601,"height":812,"url":"https:\/\/encrenous.fr\/wp-content\/uploads\/2026\/07\/Agnes-Riviere-par-Angelique-Emonet.png","type":"image\/png"}],"twitter_card":"summary_large_image","twitter_misc":{"Dur\u00e9e de lecture estim\u00e9e":"3 minutes"},"schema":{"@context":"https:\/\/schema.org","@graph":[{"@type":"WebPage","@id":"https:\/\/encrenous.fr\/index.php\/redaction-tous-types-decrits-du-courrier-au-recit\/","url":"https:\/\/encrenous.fr\/index.php\/redaction-tous-types-decrits-du-courrier-au-recit\/","name":"R\u00e9daction tous types d'\u00e9crits : du courrier au r\u00e9cit - Encre-nous","isPartOf":{"@id":"https:\/\/encrenous.fr\/#website"},"primaryImageOfPage":{"@id":"https:\/\/encrenous.fr\/index.php\/redaction-tous-types-decrits-du-courrier-au-recit\/#primaryimage"},"image":{"@id":"https:\/\/encrenous.fr\/index.php\/redaction-tous-types-decrits-du-courrier-au-recit\/#primaryimage"},"thumbnailUrl":"https:\/\/encrenous.fr\/wp-content\/uploads\/2026\/07\/Agnes-Riviere-par-Angelique-Emonet.png","datePublished":"2026-09-01T10:07:23+00:00","dateModified":"2026-09-01T16:21:31+00:00","description":"Vous avez besoin d'un coup de plume pour r\u00e9diger un texte qui vous ressemble, vous manquez de temps, j'\u00e9cris pour vous selon votre style","breadcrumb":{"@id":"https:\/\/encrenous.fr\/index.php\/redaction-tous-types-decrits-du-courrier-au-recit\/#breadcrumb"},"inLanguage":"fr-FR","potentialAction":[{"@type":"ReadAction","target":["https:\/\/encrenous.fr\/index.php\/redaction-tous-types-decrits-du-courrier-au-recit\/"]}]},{"@type":"ImageObject","inLanguage":"fr-FR","@id":"https:\/\/encrenous.fr\/index.php\/redaction-tous-types-decrits-du-courrier-au-recit\/#primaryimage","url":"https:\/\/encrenous.fr\/wp-content\/uploads\/2026\/07\/Agnes-Riviere-par-Angelique-Emonet.png","contentUrl":"https:\/\/encrenous.fr\/wp-content\/uploads\/2026\/07\/Agnes-Riviere-par-Angelique-Emonet.png","width":601,"height":812,"caption":"Agn\u00e8s Rivi\u00e8re \u00e9crivain public - photo Ang\u00e9lique Emonet"},{"@type":"BreadcrumbList","@id":"https:\/\/encrenous.fr\/index.php\/redaction-tous-types-decrits-du-courrier-au-recit\/#breadcrumb","itemListElement":[{"@type":"ListItem","position":1,"name":"Accueil","item":"https:\/\/encrenous.fr\/"},{"@type":"ListItem","position":2,"name":"R\u00e9daction tous types d&rsquo;\u00e9crits : du courrier au r\u00e9cit"}]},{"@type":"WebSite","@id":"https:\/\/encrenous.fr\/#website","url":"https:\/\/encrenous.fr\/","name":"Encre-nous","description":"\u00e9crivain public","publisher":{"@id":"https:\/\/encrenous.fr\/#organization"},"alternateName":"\u00e9crivain public Chamb\u00e9ry Savoie","potentialAction":[{"@type":"SearchAction","target":{"@type":"EntryPoint","urlTemplate":"https:\/\/encrenous.fr\/?s={search_term_string}"},"query-input":{"@type":"PropertyValueSpecification","valueRequired":true,"valueName":"search_term_string"}}],"inLanguage":"fr-FR"},{"@type":"Organization","@id":"https:\/\/encrenous.fr\/#organization","name":"Encre-nous","url":"https:\/\/encrenous.fr\/","logo":{"@type":"ImageObject","inLanguage":"fr-FR","@id":"https:\/\/encrenous.fr\/#\/schema\/logo\/image\/","url":"https:\/\/encrenous.fr\/wp-content\/uploads\/2020\/01\/Profil.jpg","contentUrl":"https:\/\/encrenous.fr\/wp-content\/uploads\/2020\/01\/Profil.jpg","width":314,"height":315,"caption":"Encre-nous"},"image":{"@id":"https:\/\/encrenous.fr\/#\/schema\/logo\/image\/"},"sameAs":["https:\/\/www.facebook.com\/Encrenous.ecrivainpublic","https:\/\/www.linkedin.com\/in\/agn\u00e8s-rivi\u00e8re-69307bb8\/","https:\/\/www.instagram.com\/agnes73riviere"]}]}},"_links":{"self":[{"href":"https:\/\/encrenous.fr\/index.php\/wp-json\/wp\/v2\/pages\/1842","targetHints":{"allow":["GET"]}}],"collection":[{"href":"https:\/\/encrenous.fr\/index.php\/wp-json\/wp\/v2\/pages"}],"about":[{"href":"https:\/\/encrenous.fr\/index.php\/wp-json\/wp\/v2\/types\/page"}],"author":[{"embeddable":true,"href":"https:\/\/encrenous.fr\/index.php\/wp-json\/wp\/v2\/users\/1"}],"replies":[{"embeddable":true,"href":"https:\/\/encrenous.fr\/index.php\/wp-json\/wp\/v2\/comments?post=1842"}],"version-history":[{"count":24,"href":"https:\/\/encrenous.fr\/index.php\/wp-json\/wp\/v2\/pages\/1842\/revisions"}],"predecessor-version":[{"id":2224,"href":"https:\/\/encrenous.fr\/index.php\/wp-json\/wp\/v2\/pages\/1842\/revisions\/2224"}],"wp:featuredmedia":[{"embeddable":true,"href":"https:\/\/encrenous.fr\/index.php\/wp-json\/wp\/v2\/media\/1732"}],"wp:attachment":[{"href":"https:\/\/encrenous.fr\/index.php\/wp-json\/wp\/v2\/media?parent=1842"}],"curies":[{"name":"wp","href":"https:\/\/api.w.org\/{rel}","templated":true}]}}