{"id":1942,"date":"2026-09-01T12:08:57","date_gmt":"2026-09-01T10:08:57","guid":{"rendered":"https:\/\/encrenous.fr\/?page_id=1942"},"modified":"2026-09-01T16:42:17","modified_gmt":"2026-09-01T14:42:17","slug":"partager-ses-memoires","status":"publish","type":"page","link":"https:\/\/encrenous.fr\/index.php\/partager-ses-memoires\/","title":{"rendered":"\u00c9crire ses m\u00e9moires &#8211; exemples"},"content":{"rendered":"\n<h2 class=\"wp-block-heading\"><em>Henri L., d&rsquo;enfant cach\u00e9 \u00e0 grand-P\u00e8re<\/em> &#8211; \u00c9crire la vie de son a\u00efeul pour t\u00e9moigner<\/h2>\n\n\n\n<p class=\"wp-block-paragraph\">Mais, s&rsquo;il est impossible de se taire, il est \u00e9galement difficile de parler. Quand J. discutait avec son Grand-P\u00e8re revenaient souvent les m\u00eames anecdotes : la marche de nuit, le manque de nourriture, des parents. Personne dans la famille n&rsquo;\u00e9voquait vraiment ces ann\u00e9es de 1940 \u00e0 1945.<\/p>\n\n\n\n<p class=\"wp-block-paragraph\">Comment supporter que l&rsquo;histoire, terrible, de son a\u00cfeul tombe dans l&rsquo;oubli, lui qui, comme tant d&rsquo;autres, a repris sa vie en silence ?<\/p>\n\n\n\n<p class=\"wp-block-paragraph\">\u00c0 l&rsquo;aide de t\u00e9moignages anciens et de ceux que j&rsquo;ai r\u00e9colt\u00e9s aupr\u00e8s de la famille, dont son petit-fils, de recherches sur son village de l&rsquo;\u00e9poque et la vie d&rsquo;autres enfants cach\u00e9s, j&rsquo;ai pu coucher sur le papier la vie de ce grand-p\u00e8re avec des mots qu&rsquo;il aurait aim\u00e9s.<\/p>\n\n\n\n<p class=\"wp-block-paragraph\">Ce livre a pour simple objectif de garder une trace de cette existence bien mouvement\u00e9e et transmettre la m\u00e9moire \u00e0 la g\u00e9n\u00e9ration suivante.<\/p>\n\n\n\n<figure class=\"wp-block-image aligncenter size-large is-resized\"><img loading=\"lazy\" decoding=\"async\" width=\"724\" height=\"1024\" src=\"https:\/\/encrenous.fr\/wp-content\/uploads\/2026\/07\/Memoire-Henri-denfant-cache-a-grand-pere-724x1024.png\" alt=\"\" class=\"wp-image-1963\" style=\"width:450px\" srcset=\"https:\/\/encrenous.fr\/wp-content\/uploads\/2026\/07\/Memoire-Henri-denfant-cache-a-grand-pere-724x1024.png 724w, https:\/\/encrenous.fr\/wp-content\/uploads\/2026\/07\/Memoire-Henri-denfant-cache-a-grand-pere-212x300.png 212w, https:\/\/encrenous.fr\/wp-content\/uploads\/2026\/07\/Memoire-Henri-denfant-cache-a-grand-pere-768x1086.png 768w, https:\/\/encrenous.fr\/wp-content\/uploads\/2026\/07\/Memoire-Henri-denfant-cache-a-grand-pere-1086x1536.png 1086w, https:\/\/encrenous.fr\/wp-content\/uploads\/2026\/07\/Memoire-Henri-denfant-cache-a-grand-pere.png 1414w\" sizes=\"auto, (max-width: 724px) 100vw, 724px\" \/><\/figure>\n\n\n\n<p class=\"has-text-align-center has-text-color has-link-color wp-elements-5ccefc59fec079f80c4d183bc59ca668 wp-block-paragraph\" style=\"color:#339966\"><strong>T\u00e9moignage<\/strong><\/p>\n\n\n\n<p class=\"has-text-align-center has-text-color has-link-color wp-elements-c194644bf409e6772836a251f19d3867 wp-block-paragraph\" style=\"color:#339966\"><strong>Je voulais vous dire combien je suis touch\u00e9 par la mani\u00e8re dont vous avez su retranscrire les souvenirs et la m\u00e9moire de mon grand-p\u00e8re. Le ton, le rythme, la sensibilit\u00e9 du r\u00e9cit : tout cela r\u00e9sonne profond\u00e9ment avec ce que j&rsquo;esp\u00e9rais. Vous avez vraiment su capter l&rsquo;essence de ce que je souhaitais partager. je souligne la difficult\u00e9 de l&rsquo;exercice et suis admiratif. De mon c\u00f4t\u00e9 je regrette d\u00e9j\u00e0 que ma m\u00e9moire me fasse d\u00e9faut, il \u00e9tait temps de faire l&rsquo;exercice.<\/strong><\/p>\n\n\n\n<h2 class=\"wp-block-heading\">\u00c9crire ses m\u00e9moires : ma vie, mon parcours<\/h2>\n\n\n\n<p class=\"wp-block-paragraph\">Christophe, souffrant de handicap invisible, a besoin d&rsquo;\u00eatre compris de ses proches. Nous nous sommes vus une fois par mois d&rsquo;octobre \u00e0 f\u00e9vrier. Il se racontait ; j&rsquo;\u00e9coutais et enregistrais. Je lui envoyais les textes r\u00e9dig\u00e9s pour avoir sa relecture, ses \u00e9ventuelles modifications. Nous nous sommes ensuite rencontr\u00e9s pour qu&rsquo;il me pr\u00eate ses photos \u00e0 int\u00e9grer.<\/p>\n\n\n\n<p class=\"wp-block-paragraph\">Un peu de mise en page, un document pdf envoy\u00e9 \u00e0 Christophe pour une derni\u00e8re relecture et validation, et le tapuscrit est parti \u00e0 l&rsquo;impression. Christophe a maintenant une quinzaine de livre \u00e0 offrir \u00e0 ses proches. Les premiers retours ont \u00e9t\u00e9 positifs, et tous l&rsquo;ont f\u00e9licit\u00e9 d&rsquo;avoir os\u00e9 ce projet.<\/p>\n\n\n\n<figure class=\"wp-block-image aligncenter size-large is-resized\"><img loading=\"lazy\" decoding=\"async\" width=\"819\" height=\"1024\" src=\"https:\/\/encrenous.fr\/wp-content\/uploads\/2026\/07\/recit-de-vie-ma-vie-mon-parcours-819x1024.png\" alt=\"Raconter sa vie pour \u00eatre compris\" class=\"wp-image-2029\" style=\"width:450px\" srcset=\"https:\/\/encrenous.fr\/wp-content\/uploads\/2026\/07\/recit-de-vie-ma-vie-mon-parcours-819x1024.png 819w, https:\/\/encrenous.fr\/wp-content\/uploads\/2026\/07\/recit-de-vie-ma-vie-mon-parcours-240x300.png 240w, https:\/\/encrenous.fr\/wp-content\/uploads\/2026\/07\/recit-de-vie-ma-vie-mon-parcours-768x960.png 768w, https:\/\/encrenous.fr\/wp-content\/uploads\/2026\/07\/recit-de-vie-ma-vie-mon-parcours.png 1080w\" sizes=\"auto, (max-width: 819px) 100vw, 819px\" \/><\/figure>\n\n\n\n<h2 class=\"wp-block-heading\">Relecture et correction de <em>Moments de vies agricoles de<strong> 7 retrait\u00e9s<\/strong> de Haute-Savoie&nbsp;<\/em><\/h2>\n\n\n\n<p class=\"wp-block-paragraph\">Ce livret, recueil des moments de vies agricoles&nbsp;<strong>7 retrait\u00e9s de Haute-Savoie<\/strong>&nbsp;est le fruit du travail des \u00e9l\u00e8ves de terminale en Bac pro CGEA (conduite et gestion de l\u2019exploitation agricole) au lyc\u00e9e agricole professionnel de Contamine-sur-Arve en Haute-Savoie.<\/p>\n\n\n\n<figure class=\"wp-block-image aligncenter size-large is-resized\"><img loading=\"lazy\" decoding=\"async\" width=\"724\" height=\"1024\" src=\"https:\/\/encrenous.fr\/wp-content\/uploads\/2026\/07\/Moments-de-vie-agricole-724x1024.jpg\" alt=\"Transmettre son v\u00e9cu d'agriculteurs\" class=\"wp-image-1805\" style=\"width:450px\" srcset=\"https:\/\/encrenous.fr\/wp-content\/uploads\/2026\/07\/Moments-de-vie-agricole-724x1024.jpg 724w, https:\/\/encrenous.fr\/wp-content\/uploads\/2026\/07\/Moments-de-vie-agricole-212x300.jpg 212w, https:\/\/encrenous.fr\/wp-content\/uploads\/2026\/07\/Moments-de-vie-agricole-768x1086.jpg 768w, https:\/\/encrenous.fr\/wp-content\/uploads\/2026\/07\/Moments-de-vie-agricole-1086x1536.jpg 1086w, https:\/\/encrenous.fr\/wp-content\/uploads\/2026\/07\/Moments-de-vie-agricole.jpg 1414w\" sizes=\"auto, (max-width: 724px) 100vw, 724px\" \/><\/figure>\n\n\n\n<h2 class=\"wp-block-heading\">Relecture, int\u00e9gration de photos et mise en page de <em>Trajectoires &#8211; D\u00e9raciner des \u00eatres<\/em> &#8211; <em>Des racines et des \u00eatres<\/em><\/h2>\n\n\n\n<p class=\"wp-block-paragraph\">Raconter, expliquer sa vie pour aider sa famille \u00e0 comprendre son histoire, ses actions et r\u00e9actions&#8230;<\/p>\n\n\n\n<figure class=\"wp-block-image aligncenter size-large is-resized\"><img loading=\"lazy\" decoding=\"async\" width=\"724\" height=\"1024\" src=\"https:\/\/encrenous.fr\/wp-content\/uploads\/2026\/07\/Recit-de-vie-Des-racines-et-des-etres-4\u00b0-de-coverture-2025-724x1024.png\" alt=\"Relire, ins\u00e9rer des photos, mettre en page un r\u00e9cit de vie\" class=\"wp-image-1954\" style=\"width:450px\" srcset=\"https:\/\/encrenous.fr\/wp-content\/uploads\/2026\/07\/Recit-de-vie-Des-racines-et-des-etres-4\u00b0-de-coverture-2025-724x1024.png 724w, https:\/\/encrenous.fr\/wp-content\/uploads\/2026\/07\/Recit-de-vie-Des-racines-et-des-etres-4\u00b0-de-coverture-2025-212x300.png 212w, https:\/\/encrenous.fr\/wp-content\/uploads\/2026\/07\/Recit-de-vie-Des-racines-et-des-etres-4\u00b0-de-coverture-2025-768x1086.png 768w, https:\/\/encrenous.fr\/wp-content\/uploads\/2026\/07\/Recit-de-vie-Des-racines-et-des-etres-4\u00b0-de-coverture-2025-1086x1536.png 1086w, https:\/\/encrenous.fr\/wp-content\/uploads\/2026\/07\/Recit-de-vie-Des-racines-et-des-etres-4\u00b0-de-coverture-2025.png 1414w\" sizes=\"auto, (max-width: 724px) 100vw, 724px\" \/><\/figure>\n\n\n\n<h2 class=\"wp-block-heading\"><em>A. son chemin de l&rsquo;ombre \u00e0 la lumi\u00e8re<\/em>. \u00c9crire pour t\u00e9moigner et se lib\u00e9rer<\/h2>\n\n\n\n<p class=\"wp-block-paragraph\">De la campagne italienne \u00e0 celle savoyarde, nouvelle trajectoire de vie. Pourtant, si le pays et la langue changent, la condition f\u00e9minine reste la m\u00eame. A. m\u00e8ne un v\u00e9ritable combat pour gagner sa dignit\u00e9 et sa vie. Parcours impressionnant, sem\u00e9 de v\u00e9ritables emb\u00fbches et de r\u00e9els moments de bonheur.<\/p>\n\n\n\n<p class=\"wp-block-paragraph\">Au cours de plusieurs rendez-vous A. s&rsquo;est livr\u00e9e avec sinc\u00e9rit\u00e9 et \u00e9motion. Je l&rsquo;ai \u00e9cout\u00e9e, puis j&rsquo;ai retranscris et parfois pour compl\u00e9ter, j&rsquo;ai effectu\u00e9 des recherches sur des lieux, des \u00e9v\u00e9nements publics importants pour elle mais flous dans sa m\u00e9moire : le but \u00e9tait de lui \u00e9crire un livre \u00e0 la hauteur de ses esp\u00e9rances.<\/p>\n\n\n\n<figure class=\"wp-block-image aligncenter size-large is-resized\"><img loading=\"lazy\" decoding=\"async\" width=\"724\" height=\"1024\" src=\"https:\/\/encrenous.fr\/wp-content\/uploads\/2026\/07\/Recit-de-vie-Amelie-son-chemin-de-lombre-a-la-lumiere-1-724x1024.png\" alt=\"Raconter sa vie pour sa famille et ses amis\" class=\"wp-image-1953\" style=\"width:450px\" srcset=\"https:\/\/encrenous.fr\/wp-content\/uploads\/2026\/07\/Recit-de-vie-Amelie-son-chemin-de-lombre-a-la-lumiere-1-724x1024.png 724w, https:\/\/encrenous.fr\/wp-content\/uploads\/2026\/07\/Recit-de-vie-Amelie-son-chemin-de-lombre-a-la-lumiere-1-212x300.png 212w, https:\/\/encrenous.fr\/wp-content\/uploads\/2026\/07\/Recit-de-vie-Amelie-son-chemin-de-lombre-a-la-lumiere-1-768x1086.png 768w, https:\/\/encrenous.fr\/wp-content\/uploads\/2026\/07\/Recit-de-vie-Amelie-son-chemin-de-lombre-a-la-lumiere-1-1086x1536.png 1086w, https:\/\/encrenous.fr\/wp-content\/uploads\/2026\/07\/Recit-de-vie-Amelie-son-chemin-de-lombre-a-la-lumiere-1.png 1414w\" sizes=\"auto, (max-width: 724px) 100vw, 724px\" \/><\/figure>\n\n\n\n<h2 class=\"wp-block-heading\">Une histoire, un conteur, un scripteur, un livre<\/h2>\n\n\n\n<p class=\"wp-block-paragraph\"><strong>Une aventure hors norme<\/strong>, <strong>\u00e7a se partage&#8230;<\/strong><\/p>\n\n\n\n<p class=\"wp-block-paragraph\">Est-il plus facile de marcher que d\u2019\u00e9crire&nbsp;?<\/p>\n\n\n\n<p class=\"wp-block-paragraph\">Tout d\u00e9pend de notre personnalit\u00e9 et de nos comp\u00e9tences. Pascal est \u00e0 l&rsquo;aise les chaussures aux pieds, moi, un stylo \u00e0 la main.<\/p>\n\n\n\n<p class=\"wp-block-paragraph\">Pascal Perrotin, le randonneur a racont\u00e9, je l&rsquo;ai \u00e9cout\u00e9 puis j&rsquo;ai retranscrit ce qu&rsquo;il souhaitait transmettre, faire d\u00e9couvrir de sa randonn\u00e9e de six mois \u00e0 travers les Rocheuses : l&rsquo;organisation, les rencontres, les \u00e9motions, son d\u00e9fi pour les enfants de l&rsquo;APEI de la Motte-Servolex, en Savoie ; fabuleux voyage accompagn\u00e9 de photos de paysages, de co-hikers&#8230;<\/p>\n\n\n\n<figure class=\"wp-block-image aligncenter size-large is-resized\"><img loading=\"lazy\" decoding=\"async\" width=\"724\" height=\"1024\" src=\"https:\/\/encrenous.fr\/wp-content\/uploads\/2026\/07\/Livre-daventure-sportive-Pascal-Perrotin-1-724x1024.png\" alt=\"Raconter un exploit sportif et humain\" class=\"wp-image-1950\" style=\"width:450px\" srcset=\"https:\/\/encrenous.fr\/wp-content\/uploads\/2026\/07\/Livre-daventure-sportive-Pascal-Perrotin-1-724x1024.png 724w, https:\/\/encrenous.fr\/wp-content\/uploads\/2026\/07\/Livre-daventure-sportive-Pascal-Perrotin-1-212x300.png 212w, https:\/\/encrenous.fr\/wp-content\/uploads\/2026\/07\/Livre-daventure-sportive-Pascal-Perrotin-1-768x1086.png 768w, https:\/\/encrenous.fr\/wp-content\/uploads\/2026\/07\/Livre-daventure-sportive-Pascal-Perrotin-1-1086x1536.png 1086w, https:\/\/encrenous.fr\/wp-content\/uploads\/2026\/07\/Livre-daventure-sportive-Pascal-Perrotin-1.png 1414w\" sizes=\"auto, (max-width: 724px) 100vw, 724px\" \/><\/figure>\n\n\n\n<h2 class=\"wp-block-heading\">Un r\u00e9cit de vie \u00e0 mettre en forme<\/h2>\n\n\n\n<p class=\"wp-block-paragraph\">Andr\u00e9 A. avait \u00e9crit depuis longtemps son histoire pour la partager avec ses fr\u00e8res et la transmettre \u00e0 ses enfants, petits-enfants, neveux, petits-neveux&#8230;<\/p>\n\n\n\n<p class=\"wp-block-paragraph\">Pour ce livre, j&rsquo;ai donc transform\u00e9 son manuscrit en tapuscrit, tout en v\u00e9rifiant orthographe et grammaire, tr\u00e8s rarement la chronologie. Il m&rsquo;est parfois arriv\u00e9 de le questionner sur une phrase \u00e0 revoir, sans jamais alt\u00e9rer sa pens\u00e9e ni son style. Puis j&rsquo;ai int\u00e9gr\u00e9 ses photos, fait la mise en page, et enfin me suis occup\u00e9e de l&rsquo;\u00e9dition.<\/p>\n\n\n\n<p class=\"wp-block-paragraph\">Le r\u00e9sultat de ce travail \u00e0 deux : 10 livres \u00e0 offrir autour de lui.<\/p>\n\n\n\n<figure class=\"wp-block-image aligncenter size-large is-resized\"><img loading=\"lazy\" decoding=\"async\" width=\"724\" height=\"1024\" src=\"https:\/\/encrenous.fr\/wp-content\/uploads\/2026\/07\/Le-bonheur-de-me-souvenir-724x1024.jpg\" alt=\"Transmettre son histoire \u00e0 sa famille\" class=\"wp-image-1799\" style=\"width:450px\" srcset=\"https:\/\/encrenous.fr\/wp-content\/uploads\/2026\/07\/Le-bonheur-de-me-souvenir-724x1024.jpg 724w, https:\/\/encrenous.fr\/wp-content\/uploads\/2026\/07\/Le-bonheur-de-me-souvenir-212x300.jpg 212w, https:\/\/encrenous.fr\/wp-content\/uploads\/2026\/07\/Le-bonheur-de-me-souvenir-768x1086.jpg 768w, https:\/\/encrenous.fr\/wp-content\/uploads\/2026\/07\/Le-bonheur-de-me-souvenir-1086x1536.jpg 1086w, https:\/\/encrenous.fr\/wp-content\/uploads\/2026\/07\/Le-bonheur-de-me-souvenir.jpg 1414w\" sizes=\"auto, (max-width: 724px) 100vw, 724px\" \/><figcaption class=\"wp-element-caption\">Un r\u00e9cit de vie pour t\u00e9moigner et transmettre<\/figcaption><\/figure>\n\n\n\n<h2 class=\"wp-block-heading\">\u00c9crire deux r\u00e9cits de combats de femmes<\/h2>\n\n\n\n<p class=\"wp-block-paragraph\">Quel bonheur de permettre \u00e0 deux femmes de r\u00e9aliser un de leur r\u00eave : partager \u00e0 travers un livre leur exp\u00e9rience de vie, de combat, d&rsquo;espoirs. Cela gr\u00e2ce \u00e0 un accompagnement de plusieurs mois, de rencontres, d&rsquo;\u00e9coute et d&rsquo;\u00e9changes.<\/p>\n\n\n\n<h3 class=\"wp-block-heading\">Lutter contre le handicap invisible<\/h3>\n\n\n\n<p class=\"wp-block-paragraph\">\u00c0 trente-neuf ans, je retrace mon parcours de vie de jeune femme tortur\u00e9e par la maladie psychique et les s\u00e9quelles d&rsquo;un choc post-traumatique. \u00c0 quoi ressemble la soci\u00e9t\u00e9 vue \u00e0 travers le prisme de mes troubles bipolaires et autistiques ? Comment vivre en \u00e9tant diff\u00e9rente ? J&rsquo;ai commenc\u00e9 \u00e0 \u00e9crire mon quotidien alors que j&rsquo;\u00e9tais hospitalis\u00e9e en soins psychiatriques apr\u00e8s une demande de suicide assist\u00e9.<\/p>\n\n\n\n<p class=\"wp-block-paragraph\">Avec Aur\u00e9lie, nous avons travaill\u00e9 \u00e0 distance, covid oblige. Elle avait \u00e9crit tant de pages chez elle, en institution, qu&rsquo;elle a voulu les transformer en livre.<\/p>\n\n\n\n<p class=\"wp-block-paragraph\">Elle m&rsquo;envoyait les chapitres \u00e9crits en \u00e9tant malade, sous m\u00e9dicaments. En respectant sa pens\u00e9e et son style, j&rsquo;ai r\u00e9\u00e9crit, l&rsquo;ai questionn\u00e9e pour \u00eatre s\u00fbre de bien avoir compris et lui permettre d&rsquo;avoir finalement le livre qu&rsquo;elle souhaitait.<\/p>\n\n\n\n<figure class=\"wp-block-image aligncenter size-full is-resized\"><img loading=\"lazy\" decoding=\"async\" width=\"567\" height=\"792\" src=\"https:\/\/encrenous.fr\/wp-content\/uploads\/2026\/07\/Recit-de-vie-Aurelie-Martino.jpg\" alt=\"\u00c9crire un livre pour raconter son combat contre le handicap invisible\" class=\"wp-image-1944\" style=\"width:450px\" srcset=\"https:\/\/encrenous.fr\/wp-content\/uploads\/2026\/07\/Recit-de-vie-Aurelie-Martino.jpg 567w, https:\/\/encrenous.fr\/wp-content\/uploads\/2026\/07\/Recit-de-vie-Aurelie-Martino-215x300.jpg 215w\" sizes=\"auto, (max-width: 567px) 100vw, 567px\" \/><\/figure>\n\n\n\n<p class=\"wp-block-paragraph\">Pour me remercier de notre travail en commun, Aur\u00e9lie Martino a tenu \u00e0 ce que mon nom apparaisse sur la couverture.<\/p>\n\n\n\n<p class=\"wp-block-paragraph\">Par rapport \u00e0 notre travail en commun, Aur\u00e9lie \u00e9crit :<\/p>\n\n\n\n<p class=\"has-text-color has-link-color wp-elements-ddeeaf70054016ac90a1f2aeb447c744 wp-block-paragraph\" style=\"color:#339966\"><strong>\u00ab\u00a0Lundi, vous m&rsquo;envoyez d\u00e9j\u00e0 le deuxi\u00e8me paragraphe. Je suis aux anges, c&rsquo;est exactement ce que j&rsquo;ai \u00e9crit, mais en plus lisible et plus direct. Je souhaite \u00e0 tout le monde de vivre cette exp\u00e9rience d&rsquo;\u00e9criture et d&rsquo;\u00e9changes. C&rsquo;est magique.\u00a0\u00bb<\/strong><\/p>\n\n\n\n<p class=\"has-text-color has-link-color wp-elements-7ec4f08d21c15fc0beacd6d8421cb7bc wp-block-paragraph\" style=\"color:#339966\"><strong>Merci encore.<\/strong><\/p>\n\n\n\n<p class=\"has-text-color has-link-color wp-elements-3f90decf813b37546e42849877de5a5c wp-block-paragraph\" style=\"color:#339966\"><strong>Vous m&rsquo;avez permis de m&rsquo;ouvrir au monde, encore plus, d&rsquo;accomplir quelque chose d&rsquo;important, de laisser une trace ind\u00e9l\u00e9bile et de graver mes sentiments sur ces pages.<\/strong><\/p>\n\n\n\n<h3 class=\"wp-block-heading\">Raconter son parcours et sa lutte pour la dignit\u00e9 de chacun, malgr\u00e9 la maladie mentale<\/h3>\n\n\n\n<p class=\"wp-block-paragraph\">Alors qu&rsquo;elle \u00e9tait d\u00e9j\u00e0 malade, un de ses petits-fils m&rsquo;a contact\u00e9e pour \u00e9crire sa vie et son combat. Nous nous sommes rencontr\u00e9es chez elle toutes les semaines. Elle parlait, j&rsquo;enregistrais, elle cherchait mon regard, press\u00e9e de tout dire, esp\u00e9rant avoir le temps de tenir son livre entre ses mains. D\u00e9fi relev\u00e9 et gagn\u00e9.<\/p>\n\n\n\n<p class=\"wp-block-paragraph\">Ma plus belle r\u00e9compense vient de sa petite-fille :<\/p>\n\n\n\n<p class=\"has-text-color has-link-color wp-elements-70c11b18c5add4743e2071da91983979 wp-block-paragraph\" style=\"color:#339966\"><strong>\u00a0\u00bb J&rsquo;entendais ma grand-M\u00e8re en lisant ce livre\u00a0\u00bb<\/strong><\/p>\n\n\n\n<p class=\"wp-block-paragraph\">et d&rsquo;un de ses fils :<\/p>\n\n\n\n<p class=\"has-text-color has-link-color wp-elements-1769f8f45aecdf8a6e2c38a66f6c2975 wp-block-paragraph\" style=\"color:#339966\"><strong>\u00a0\u00bb J&rsquo;ai d\u00e9couvert des aspects de la vie de ma m\u00e8re.\u00a0\u00bb<\/strong><\/p>\n\n\n\n<p class=\"wp-block-paragraph\">Un grand merci \u00e0 eux.<\/p>\n\n\n\n<figure class=\"wp-block-image aligncenter size-full is-resized\"><img loading=\"lazy\" decoding=\"async\" width=\"568\" height=\"797\" src=\"https:\/\/encrenous.fr\/wp-content\/uploads\/2026\/07\/Temoigner-Helene-Nicoud-1.jpg\" alt=\"Raconter le combat de sa vie : la lutte pour la dignit\u00e9 humaine\" class=\"wp-image-1946\" style=\"width:450px\" srcset=\"https:\/\/encrenous.fr\/wp-content\/uploads\/2026\/07\/Temoigner-Helene-Nicoud-1.jpg 568w, https:\/\/encrenous.fr\/wp-content\/uploads\/2026\/07\/Temoigner-Helene-Nicoud-1-214x300.jpg 214w\" sizes=\"auto, (max-width: 568px) 100vw, 568px\" \/><\/figure>\n\n\n\n<p class=\"wp-block-paragraph\"> H\u00e9l\u00e8ne Nicoud, ignor\u00e9e, m\u00e9pris\u00e9e par sa m\u00e8re a v\u00e9cu pour aider les autres. Entr\u00e9e comme infirmi\u00e8re psychiatrique \u00e0 l\u2019h\u00f4pital sp\u00e9cialis\u00e9 de Bassens, elle devient pr\u00e9sidente de l\u2019association <em>Solidarit\u00e9 Savoyarde<\/em> avec toujours pour unique but&nbsp;: que chaque homme, chaque femme retrouve sa dignit\u00e9.<\/p>\n\n\n\n<p class=\"wp-block-paragraph\">Elle cr\u00e9e le premier Centre d\u2019Aide par le Travail, puis des ateliers prot\u00e9g\u00e9s, des appartements th\u00e9rapeutiques. Elle prend sa retraite avant d\u2019avoir pu monter un p\u00f4le emploi sp\u00e9cifique pour les personnes handicap\u00e9es.<\/p>\n\n\n\n<p class=\"wp-block-paragraph\">H\u00e9l\u00e8ne Nicoud participe ensuite activement aux Ain\u00e9s Ruraux, club qui s\u2019int\u00e9resse aux personnes \u00e2g\u00e9es en les aidant \u00e0 prendre soin de leur corps, de leur esprit, et \u00e0 rester actifs dans la soci\u00e9t\u00e9.<\/p>\n\n\n\n<p class=\"wp-block-paragraph\">Pour tous ces services rendus, elle est d\u00e9cor\u00e9e chevalier de l\u2019Ordre National du M\u00e9rite en 2009.<\/p>\n\n\n\n<p class=\"wp-block-paragraph\">Atteinte d\u2019un cancer au cerveau, elle s\u2019interroge sur la fin de vie et nous partage son questionnement, son s\u00e9jour \u00e0 l\u2019h\u00f4pital o\u00f9 le manque de soignants est terrible quand on a besoin d\u2019\u00e9coute et de r\u00e9confort.<\/p>\n\n\n\n<p class=\"wp-block-paragraph\">Son message reste le m\u00eame, jusqu\u2019au bout&nbsp;: chacun est utile, chacun est digne de vivre. Il ne faut rien l\u00e2cher tant qu\u2019il reste quelqu\u2019un sur le bord du chemin, tel est son leitmotiv. Le bonheur de celui qu\u2019on \u00e9paule est contagieux.<\/p>\n\n\n\n<h2 class=\"wp-block-heading\">Transmettre la m\u00e9moire familiale<\/h2>\n\n\n\n<p class=\"wp-block-paragraph\">Un des fils d&rsquo;Alphonse a souhait\u00e9 que son p\u00e8re raconte son enfance : en 1940, \u00e2g\u00e9 de 10 ans, il a suivi sa famille qui fuyait l&rsquo;Alsace pour le Limousin. Apr\u00e8s la guerre, tous sont revenus dans leur d\u00e9partement d&rsquo;origine et la vie a repris son cours comme elle a pu : \u00e9tudes, rencontres, mariages, enfants, travail, amis, retraite.<\/p>\n\n\n\n<p class=\"wp-block-paragraph\">La difficult\u00e9 a \u00e9t\u00e9 de recueillir la m\u00e9moire d&rsquo;un homme atteint de la maladie d&rsquo;Alzheimer, difficult\u00e9 aggrav\u00e9e par le retardement de nos rendez-vous li\u00e9 \u00e0 la pand\u00e9mie du Covid.<\/p>\n\n\n\n<p class=\"wp-block-paragraph\">Malgr\u00e9 tout, nous avons r\u00e9ussi \u00e0 mettre des mots sur la majeur partie de la vie d&rsquo;Alphonse. Il \u00e9tait temps, mais sa famille peut se r\u00e9jouir d&rsquo;avoir un livre retra\u00e7ant cette histoire, la m\u00e9moire est sauv\u00e9e.<\/p>\n\n\n\n<figure class=\"wp-block-image aligncenter size-large is-resized\"><img loading=\"lazy\" decoding=\"async\" width=\"724\" height=\"1024\" src=\"https:\/\/encrenous.fr\/wp-content\/uploads\/2026\/07\/Recit-de-vie-avoir-10-ans-en-1940-en-Alsace-724x1024.png\" alt=\"Transmettre la m\u00e9moire familiale - avoir 10 ans en Alsace en 1940\" class=\"wp-image-2027\" style=\"width:450px\" srcset=\"https:\/\/encrenous.fr\/wp-content\/uploads\/2026\/07\/Recit-de-vie-avoir-10-ans-en-1940-en-Alsace-724x1024.png 724w, https:\/\/encrenous.fr\/wp-content\/uploads\/2026\/07\/Recit-de-vie-avoir-10-ans-en-1940-en-Alsace-212x300.png 212w, https:\/\/encrenous.fr\/wp-content\/uploads\/2026\/07\/Recit-de-vie-avoir-10-ans-en-1940-en-Alsace-768x1086.png 768w, https:\/\/encrenous.fr\/wp-content\/uploads\/2026\/07\/Recit-de-vie-avoir-10-ans-en-1940-en-Alsace-1086x1536.png 1086w, https:\/\/encrenous.fr\/wp-content\/uploads\/2026\/07\/Recit-de-vie-avoir-10-ans-en-1940-en-Alsace.png 1414w\" sizes=\"auto, (max-width: 724px) 100vw, 724px\" \/><\/figure>\n\n\n\n<h2 class=\"wp-block-heading\">Un r\u00e9cit de vie, pour que nos petits-enfants connaissent leur Histoire<\/h2>\n\n\n\n<p class=\"wp-block-paragraph\">Un fils a voulu un livre qui raconte l&rsquo;histoire de ses parents : leur enfance, leur rencontre, leur vie professionnelle, familiale et amicale. Il m&rsquo;a contact\u00e9, m&rsquo;a expliqu\u00e9 son projet ; j&rsquo;ai alors rencontr\u00e9 plusieurs fois ses parents chez eux. Forte de leurs interviews et de photos qu&rsquo;ils m&rsquo;ont confi\u00e9es, j&rsquo;ai r\u00e9dig\u00e9, et fait imprimer, un livre. Le pass\u00e9 est ainsi transmis aux enfants et petits-enfants.<\/p>\n\n\n\n<figure class=\"wp-block-image aligncenter size-full is-resized\"><img loading=\"lazy\" decoding=\"async\" width=\"606\" height=\"862\" src=\"https:\/\/encrenous.fr\/wp-content\/uploads\/2026\/07\/Recit-de-vie-il-etait-une-fois-2.png\" alt=\"Livre de m\u00e9moires r\u00e9dig\u00e9es par Agn\u00e8s Rivi\u00e8re\" class=\"wp-image-1943\" style=\"width:455px\" srcset=\"https:\/\/encrenous.fr\/wp-content\/uploads\/2026\/07\/Recit-de-vie-il-etait-une-fois-2.png 606w, https:\/\/encrenous.fr\/wp-content\/uploads\/2026\/07\/Recit-de-vie-il-etait-une-fois-2-211x300.png 211w\" sizes=\"auto, (max-width: 606px) 100vw, 606px\" \/><\/figure>\n\n\n\n<h2 class=\"wp-block-heading\">Le t\u00e9moignage d&rsquo;un journaliste<\/h2>\n\n\n\n<p class=\"wp-block-paragraph\">Travail de longue haleine : au fur et \u00e0 mesure que j&rsquo;enregistrais le t\u00e9moignage de Thierry Gaytan, reporter qui a r\u00e9alis\u00e9 de nombreux reportages en Am\u00e9rique centrale et en Am\u00e9rique du Sud, j&rsquo;\u00e9crivais les diff\u00e9rents chapitres, le plus souvent en visionnant ses documentaires pour bien m&rsquo;impr\u00e9gner de l&rsquo;ambiance, et lui envoyais les textes qu&rsquo;il relisait ; alors parfois lui revenait un souvenir qu&rsquo;il ajoutait pour compl\u00e9ter son r\u00e9cit. Car, bien s\u00fbr, le dernier mot revient \u00e0 l&rsquo;auteur.<\/p>\n\n\n\n<figure class=\"wp-block-image aligncenter size-full is-resized\"><img loading=\"lazy\" decoding=\"async\" width=\"428\" height=\"664\" src=\"https:\/\/encrenous.fr\/wp-content\/uploads\/2026\/07\/Temoignage-dun-journaliste-Thierry-Gaytan.jpeg\" alt=\"Raconter les coulisses de son m\u00e9tier : journaliste\" class=\"wp-image-1947\" style=\"width:450px\" srcset=\"https:\/\/encrenous.fr\/wp-content\/uploads\/2026\/07\/Temoignage-dun-journaliste-Thierry-Gaytan.jpeg 428w, https:\/\/encrenous.fr\/wp-content\/uploads\/2026\/07\/Temoignage-dun-journaliste-Thierry-Gaytan-193x300.jpeg 193w\" sizes=\"auto, (max-width: 428px) 100vw, 428px\" \/><figcaption class=\"wp-element-caption\">L&rsquo;auteur a toujours le dernier mot<\/figcaption><\/figure>\n\n\n\n<div class=\"wp-block-buttons is-layout-flex wp-block-buttons-is-layout-flex\">\n<div class=\"wp-block-button\"><a class=\"wp-block-button__link has-background wp-element-button\" href=\"https:\/\/encrenous.fr\/index.php\/contact\/\" style=\"background-color:#339966\" target=\"_blank\" rel=\"noreferrer noopener\">Contact Agn\u00e8s Rivi\u00e8re<\/a><\/div>\n<\/div>\n\n\n\n<p class=\"wp-block-paragraph\"><\/p>\n","protected":false},"excerpt":{"rendered":"<p>Henri L., d&rsquo;enfant cach\u00e9 \u00e0 grand-P\u00e8re &#8211; \u00c9crire la vie de son a\u00efeul pour t\u00e9moigner Mais, s&rsquo;il est impossible de se taire, il est \u00e9galement difficile de parler. Quand J. discutait avec son Grand-P\u00e8re revenaient souvent les m\u00eames anecdotes : la marche de nuit, le manque de nourriture, des parents. Personne dans la famille n&rsquo;\u00e9voquait [&hellip;]<\/p>\n","protected":false},"author":1,"featured_media":1732,"parent":0,"menu_order":0,"comment_status":"closed","ping_status":"closed","template":"","meta":{"footnotes":""},"class_list":["post-1942","page","type-page","status-publish","has-post-thumbnail","hentry"],"yoast_head":"<!-- This site is optimized with the Yoast SEO plugin v28.4 - https:\/\/yoast.com\/product\/yoast-seo-wordpress\/ -->\n<title>Transmettre son histoire<\/title>\n<meta name=\"description\" content=\"Transmettez votre histoire, vos origines \u00e0 vos enfants, petits-enfants, avec photos et arbre g\u00e9n\u00e9alogique dans un livre personnalis\u00e9\" \/>\n<meta name=\"robots\" content=\"index, follow, max-snippet:-1, max-image-preview:large, max-video-preview:-1\" \/>\n<link rel=\"canonical\" href=\"https:\/\/encrenous.fr\/index.php\/partager-ses-memoires\/\" \/>\n<meta property=\"og:locale\" content=\"fr_FR\" \/>\n<meta property=\"og:type\" content=\"article\" \/>\n<meta property=\"og:title\" content=\"Transmettre son histoire\" \/>\n<meta property=\"og:description\" content=\"Transmettez votre histoire, vos origines \u00e0 vos enfants, petits-enfants, avec photos et arbre g\u00e9n\u00e9alogique dans un livre personnalis\u00e9\" \/>\n<meta property=\"og:url\" content=\"https:\/\/encrenous.fr\/index.php\/partager-ses-memoires\/\" \/>\n<meta property=\"og:site_name\" content=\"Encre-nous\" \/>\n<meta property=\"article:publisher\" content=\"https:\/\/www.facebook.com\/Encrenous.ecrivainpublic\" \/>\n<meta property=\"article:modified_time\" content=\"2026-09-01T14:42:17+00:00\" \/>\n<meta property=\"og:image\" content=\"https:\/\/encrenous.fr\/wp-content\/uploads\/2026\/07\/Agnes-Riviere-par-Angelique-Emonet.png\" \/>\n\t<meta property=\"og:image:width\" content=\"601\" \/>\n\t<meta property=\"og:image:height\" content=\"812\" \/>\n\t<meta property=\"og:image:type\" content=\"image\/png\" \/>\n<meta name=\"twitter:card\" content=\"summary_large_image\" \/>\n<meta name=\"twitter:label1\" content=\"Dur\u00e9e de lecture estim\u00e9e\" \/>\n\t<meta name=\"twitter:data1\" content=\"11 minutes\" \/>\n<script type=\"application\/ld+json\" class=\"yoast-schema-graph\">{\"@context\":\"https:\\\/\\\/schema.org\",\"@graph\":[{\"@type\":\"WebPage\",\"@id\":\"https:\\\/\\\/encrenous.fr\\\/index.php\\\/partager-ses-memoires\\\/\",\"url\":\"https:\\\/\\\/encrenous.fr\\\/index.php\\\/partager-ses-memoires\\\/\",\"name\":\"Transmettre son histoire\",\"isPartOf\":{\"@id\":\"https:\\\/\\\/encrenous.fr\\\/#website\"},\"primaryImageOfPage\":{\"@id\":\"https:\\\/\\\/encrenous.fr\\\/index.php\\\/partager-ses-memoires\\\/#primaryimage\"},\"image\":{\"@id\":\"https:\\\/\\\/encrenous.fr\\\/index.php\\\/partager-ses-memoires\\\/#primaryimage\"},\"thumbnailUrl\":\"https:\\\/\\\/encrenous.fr\\\/wp-content\\\/uploads\\\/2026\\\/07\\\/Agnes-Riviere-par-Angelique-Emonet.png\",\"datePublished\":\"2026-09-01T10:08:57+00:00\",\"dateModified\":\"2026-09-01T14:42:17+00:00\",\"description\":\"Transmettez votre histoire, vos origines \u00e0 vos enfants, petits-enfants, avec photos et arbre g\u00e9n\u00e9alogique dans un livre personnalis\u00e9\",\"breadcrumb\":{\"@id\":\"https:\\\/\\\/encrenous.fr\\\/index.php\\\/partager-ses-memoires\\\/#breadcrumb\"},\"inLanguage\":\"fr-FR\",\"potentialAction\":[{\"@type\":\"ReadAction\",\"target\":[\"https:\\\/\\\/encrenous.fr\\\/index.php\\\/partager-ses-memoires\\\/\"]}]},{\"@type\":\"ImageObject\",\"inLanguage\":\"fr-FR\",\"@id\":\"https:\\\/\\\/encrenous.fr\\\/index.php\\\/partager-ses-memoires\\\/#primaryimage\",\"url\":\"https:\\\/\\\/encrenous.fr\\\/wp-content\\\/uploads\\\/2026\\\/07\\\/Agnes-Riviere-par-Angelique-Emonet.png\",\"contentUrl\":\"https:\\\/\\\/encrenous.fr\\\/wp-content\\\/uploads\\\/2026\\\/07\\\/Agnes-Riviere-par-Angelique-Emonet.png\",\"width\":601,\"height\":812,\"caption\":\"Agn\u00e8s Rivi\u00e8re \u00e9crivain public - photo Ang\u00e9lique Emonet\"},{\"@type\":\"BreadcrumbList\",\"@id\":\"https:\\\/\\\/encrenous.fr\\\/index.php\\\/partager-ses-memoires\\\/#breadcrumb\",\"itemListElement\":[{\"@type\":\"ListItem\",\"position\":1,\"name\":\"Accueil\",\"item\":\"https:\\\/\\\/encrenous.fr\\\/\"},{\"@type\":\"ListItem\",\"position\":2,\"name\":\"\u00c9crire ses m\u00e9moires &#8211; exemples\"}]},{\"@type\":\"WebSite\",\"@id\":\"https:\\\/\\\/encrenous.fr\\\/#website\",\"url\":\"https:\\\/\\\/encrenous.fr\\\/\",\"name\":\"Encre-nous\",\"description\":\"\u00e9crivain public\",\"publisher\":{\"@id\":\"https:\\\/\\\/encrenous.fr\\\/#organization\"},\"alternateName\":\"\u00e9crivain public Chamb\u00e9ry Savoie\",\"potentialAction\":[{\"@type\":\"SearchAction\",\"target\":{\"@type\":\"EntryPoint\",\"urlTemplate\":\"https:\\\/\\\/encrenous.fr\\\/?s={search_term_string}\"},\"query-input\":{\"@type\":\"PropertyValueSpecification\",\"valueRequired\":true,\"valueName\":\"search_term_string\"}}],\"inLanguage\":\"fr-FR\"},{\"@type\":\"Organization\",\"@id\":\"https:\\\/\\\/encrenous.fr\\\/#organization\",\"name\":\"Encre-nous\",\"url\":\"https:\\\/\\\/encrenous.fr\\\/\",\"logo\":{\"@type\":\"ImageObject\",\"inLanguage\":\"fr-FR\",\"@id\":\"https:\\\/\\\/encrenous.fr\\\/#\\\/schema\\\/logo\\\/image\\\/\",\"url\":\"https:\\\/\\\/encrenous.fr\\\/wp-content\\\/uploads\\\/2020\\\/01\\\/Profil.jpg\",\"contentUrl\":\"https:\\\/\\\/encrenous.fr\\\/wp-content\\\/uploads\\\/2020\\\/01\\\/Profil.jpg\",\"width\":314,\"height\":315,\"caption\":\"Encre-nous\"},\"image\":{\"@id\":\"https:\\\/\\\/encrenous.fr\\\/#\\\/schema\\\/logo\\\/image\\\/\"},\"sameAs\":[\"https:\\\/\\\/www.facebook.com\\\/Encrenous.ecrivainpublic\",\"https:\\\/\\\/www.linkedin.com\\\/in\\\/agn\u00e8s-rivi\u00e8re-69307bb8\\\/\",\"https:\\\/\\\/www.instagram.com\\\/agnes73riviere\"]}]}<\/script>\n<!-- \/ Yoast SEO plugin. -->","yoast_head_json":{"title":"Transmettre son histoire","description":"Transmettez votre histoire, vos origines \u00e0 vos enfants, petits-enfants, avec photos et arbre g\u00e9n\u00e9alogique dans un livre personnalis\u00e9","robots":{"index":"index","follow":"follow","max-snippet":"max-snippet:-1","max-image-preview":"max-image-preview:large","max-video-preview":"max-video-preview:-1"},"canonical":"https:\/\/encrenous.fr\/index.php\/partager-ses-memoires\/","og_locale":"fr_FR","og_type":"article","og_title":"Transmettre son histoire","og_description":"Transmettez votre histoire, vos origines \u00e0 vos enfants, petits-enfants, avec photos et arbre g\u00e9n\u00e9alogique dans un livre personnalis\u00e9","og_url":"https:\/\/encrenous.fr\/index.php\/partager-ses-memoires\/","og_site_name":"Encre-nous","article_publisher":"https:\/\/www.facebook.com\/Encrenous.ecrivainpublic","article_modified_time":"2026-09-01T14:42:17+00:00","og_image":[{"width":601,"height":812,"url":"https:\/\/encrenous.fr\/wp-content\/uploads\/2026\/07\/Agnes-Riviere-par-Angelique-Emonet.png","type":"image\/png"}],"twitter_card":"summary_large_image","twitter_misc":{"Dur\u00e9e de lecture estim\u00e9e":"11 minutes"},"schema":{"@context":"https:\/\/schema.org","@graph":[{"@type":"WebPage","@id":"https:\/\/encrenous.fr\/index.php\/partager-ses-memoires\/","url":"https:\/\/encrenous.fr\/index.php\/partager-ses-memoires\/","name":"Transmettre son histoire","isPartOf":{"@id":"https:\/\/encrenous.fr\/#website"},"primaryImageOfPage":{"@id":"https:\/\/encrenous.fr\/index.php\/partager-ses-memoires\/#primaryimage"},"image":{"@id":"https:\/\/encrenous.fr\/index.php\/partager-ses-memoires\/#primaryimage"},"thumbnailUrl":"https:\/\/encrenous.fr\/wp-content\/uploads\/2026\/07\/Agnes-Riviere-par-Angelique-Emonet.png","datePublished":"2026-09-01T10:08:57+00:00","dateModified":"2026-09-01T14:42:17+00:00","description":"Transmettez votre histoire, vos origines \u00e0 vos enfants, petits-enfants, avec photos et arbre g\u00e9n\u00e9alogique dans un livre personnalis\u00e9","breadcrumb":{"@id":"https:\/\/encrenous.fr\/index.php\/partager-ses-memoires\/#breadcrumb"},"inLanguage":"fr-FR","potentialAction":[{"@type":"ReadAction","target":["https:\/\/encrenous.fr\/index.php\/partager-ses-memoires\/"]}]},{"@type":"ImageObject","inLanguage":"fr-FR","@id":"https:\/\/encrenous.fr\/index.php\/partager-ses-memoires\/#primaryimage","url":"https:\/\/encrenous.fr\/wp-content\/uploads\/2026\/07\/Agnes-Riviere-par-Angelique-Emonet.png","contentUrl":"https:\/\/encrenous.fr\/wp-content\/uploads\/2026\/07\/Agnes-Riviere-par-Angelique-Emonet.png","width":601,"height":812,"caption":"Agn\u00e8s Rivi\u00e8re \u00e9crivain public - photo Ang\u00e9lique Emonet"},{"@type":"BreadcrumbList","@id":"https:\/\/encrenous.fr\/index.php\/partager-ses-memoires\/#breadcrumb","itemListElement":[{"@type":"ListItem","position":1,"name":"Accueil","item":"https:\/\/encrenous.fr\/"},{"@type":"ListItem","position":2,"name":"\u00c9crire ses m\u00e9moires &#8211; exemples"}]},{"@type":"WebSite","@id":"https:\/\/encrenous.fr\/#website","url":"https:\/\/encrenous.fr\/","name":"Encre-nous","description":"\u00e9crivain public","publisher":{"@id":"https:\/\/encrenous.fr\/#organization"},"alternateName":"\u00e9crivain public Chamb\u00e9ry Savoie","potentialAction":[{"@type":"SearchAction","target":{"@type":"EntryPoint","urlTemplate":"https:\/\/encrenous.fr\/?s={search_term_string}"},"query-input":{"@type":"PropertyValueSpecification","valueRequired":true,"valueName":"search_term_string"}}],"inLanguage":"fr-FR"},{"@type":"Organization","@id":"https:\/\/encrenous.fr\/#organization","name":"Encre-nous","url":"https:\/\/encrenous.fr\/","logo":{"@type":"ImageObject","inLanguage":"fr-FR","@id":"https:\/\/encrenous.fr\/#\/schema\/logo\/image\/","url":"https:\/\/encrenous.fr\/wp-content\/uploads\/2020\/01\/Profil.jpg","contentUrl":"https:\/\/encrenous.fr\/wp-content\/uploads\/2020\/01\/Profil.jpg","width":314,"height":315,"caption":"Encre-nous"},"image":{"@id":"https:\/\/encrenous.fr\/#\/schema\/logo\/image\/"},"sameAs":["https:\/\/www.facebook.com\/Encrenous.ecrivainpublic","https:\/\/www.linkedin.com\/in\/agn\u00e8s-rivi\u00e8re-69307bb8\/","https:\/\/www.instagram.com\/agnes73riviere"]}]}},"_links":{"self":[{"href":"https:\/\/encrenous.fr\/index.php\/wp-json\/wp\/v2\/pages\/1942","targetHints":{"allow":["GET"]}}],"collection":[{"href":"https:\/\/encrenous.fr\/index.php\/wp-json\/wp\/v2\/pages"}],"about":[{"href":"https:\/\/encrenous.fr\/index.php\/wp-json\/wp\/v2\/types\/page"}],"author":[{"embeddable":true,"href":"https:\/\/encrenous.fr\/index.php\/wp-json\/wp\/v2\/users\/1"}],"replies":[{"embeddable":true,"href":"https:\/\/encrenous.fr\/index.php\/wp-json\/wp\/v2\/comments?post=1942"}],"version-history":[{"count":22,"href":"https:\/\/encrenous.fr\/index.php\/wp-json\/wp\/v2\/pages\/1942\/revisions"}],"predecessor-version":[{"id":2189,"href":"https:\/\/encrenous.fr\/index.php\/wp-json\/wp\/v2\/pages\/1942\/revisions\/2189"}],"wp:featuredmedia":[{"embeddable":true,"href":"https:\/\/encrenous.fr\/index.php\/wp-json\/wp\/v2\/media\/1732"}],"wp:attachment":[{"href":"https:\/\/encrenous.fr\/index.php\/wp-json\/wp\/v2\/media?parent=1942"}],"curies":[{"name":"wp","href":"https:\/\/api.w.org\/{rel}","templated":true}]}}